{"id":911,"date":"2026-04-29T12:52:06","date_gmt":"2026-04-29T10:52:06","guid":{"rendered":"https:\/\/claudiagrmoneo.com\/?page_id=911"},"modified":"2026-04-29T13:45:45","modified_gmt":"2026-04-29T11:45:45","slug":"noticias","status":"publish","type":"page","link":"https:\/\/claudiagrmoneo.com\/en\/noticias\/","title":{"rendered":"News"},"content":{"rendered":"\t\t<div data-elementor-type=\"wp-page\" data-elementor-id=\"911\" class=\"elementor elementor-911\" data-elementor-post-type=\"page\">\n\t\t\t\t<div class=\"elementor-element elementor-element-67daa16 e-flex e-con-boxed e-con e-parent\" data-id=\"67daa16\" data-element_type=\"container\" data-e-type=\"container\" data-settings=\"{&quot;background_background&quot;:&quot;classic&quot;}\">\n\t\t\t\t\t<div class=\"e-con-inner\">\n\t\t\t\t<div class=\"elementor-element elementor-element-9556d05 elementor-widget-tablet__width-initial elementor-widget__width-initial elementor-widget elementor-widget-image\" data-id=\"9556d05\" data-element_type=\"widget\" data-e-type=\"widget\" data-settings=\"{&quot;_animation_tablet&quot;:&quot;none&quot;}\" data-widget_type=\"image.default\">\n\t\t\t\t\t\t\t\t\t\t\t\t\t\t\t<img fetchpriority=\"high\" decoding=\"async\" width=\"683\" height=\"1024\" src=\"https:\/\/claudiagrmoneo.com\/wp-content\/uploads\/2026\/04\/TAMARA-PASTORA-1-700x1049-1-683x1024.webp\" class=\"attachment-large size-large wp-image-906\" alt=\"\" srcset=\"https:\/\/claudiagrmoneo.com\/wp-content\/uploads\/2026\/04\/TAMARA-PASTORA-1-700x1049-1-683x1024.webp 683w, https:\/\/claudiagrmoneo.com\/wp-content\/uploads\/2026\/04\/TAMARA-PASTORA-1-700x1049-1-200x300.webp 200w, https:\/\/claudiagrmoneo.com\/wp-content\/uploads\/2026\/04\/TAMARA-PASTORA-1-700x1049-1-8x12.webp 8w, https:\/\/claudiagrmoneo.com\/wp-content\/uploads\/2026\/04\/TAMARA-PASTORA-1-700x1049-1.webp 700w\" sizes=\"(max-width: 683px) 100vw, 683px\" \/>\t\t\t\t\t\t\t\t\t\t\t\t\t\t\t<\/div>\n\t\t<div class=\"elementor-element elementor-element-5d59799 e-con-full e-flex e-con e-child\" data-id=\"5d59799\" data-element_type=\"container\" data-e-type=\"container\">\n\t\t\t\t<div class=\"elementor-element elementor-element-f37f849 elementor-widget elementor-widget-heading\" data-id=\"f37f849\" data-element_type=\"widget\" data-e-type=\"widget\" data-widget_type=\"heading.default\">\n\t\t\t\t\t<h1 class=\"elementor-heading-title elementor-size-default\">Noticias<\/h1>\t\t\t\t<\/div>\n\t\t\t\t<div class=\"elementor-element elementor-element-7c80aa4 elementor-widget elementor-widget-text-editor\" data-id=\"7c80aa4\" data-element_type=\"widget\" data-e-type=\"widget\" data-widget_type=\"text-editor.default\">\n\t\t\t\t\t\t\t\t\t<p>Esto es el caj\u00f3n donde guardo todo lo que no cabe en una vi\u00f1eta.<\/p><p>Art\u00edculos, reflexiones, entrevistas que me han hecho por ah\u00ed fuera, exposiciones, apariciones en prensa y cosas que me remueven sobre lo cotidiano, el feminismo, Andaluc\u00eda, la comunidad gitana y nuestras mayores. Todo desde el humor, la imperfecci\u00f3n y las ganas de incomodar cuando hace falta.<\/p><p>Aqu\u00ed encontrar\u00e1s im\u00e1genes propias, enlaces a medios que han contado algo de lo que hago, y la mirada de una periodista jerezana que lleva a\u00f1os intentando entender el mundo preguntando y escuchando.<\/p><p>Pasa, que hay sitio.<\/p>\t\t\t\t\t\t\t\t<\/div>\n\t\t\t\t<\/div>\n\t\t\t\t\t<\/div>\n\t\t\t\t<\/div>\n\t\t<div class=\"elementor-element elementor-element-a07faa2 e-flex e-con-boxed e-con e-parent\" data-id=\"a07faa2\" data-element_type=\"container\" data-e-type=\"container\" data-settings=\"{&quot;background_background&quot;:&quot;classic&quot;}\">\n\t\t\t\t\t<div class=\"e-con-inner\">\n\t\t<div class=\"elementor-element elementor-element-bfa2a64 e-con-full e-flex e-con e-child\" data-id=\"bfa2a64\" data-element_type=\"container\" data-e-type=\"container\">\n\t\t\t\t<div class=\"elementor-element elementor-element-85992f3 elementor-widget__width-initial elementor-widget-mobile__width-initial elementor-widget elementor-widget-heading\" data-id=\"85992f3\" data-element_type=\"widget\" data-e-type=\"widget\" data-widget_type=\"heading.default\">\n\t\t\t\t\t<h2 class=\"elementor-heading-title elementor-size-default\">Periodista, creativa y comunicadora. Escribo, dibujo, pregunto y remuevo. \n<\/h2>\t\t\t\t<\/div>\n\t\t\t\t<div class=\"elementor-element elementor-element-46fe912 elementor-widget__width-initial elementor-widget-mobile__width-initial elementor-widget elementor-widget-text-editor\" data-id=\"46fe912\" data-element_type=\"widget\" data-e-type=\"widget\" data-widget_type=\"text-editor.default\">\n\t\t\t\t\t\t\t\t\t<p>Cont\u00e1ctame para ver como podemos colaborar.<\/p>\t\t\t\t\t\t\t\t<\/div>\n\t\t\t\t<div class=\"elementor-element elementor-element-d6217cb elementor-align-justify elementor-widget__width-initial elementor-widget elementor-widget-button\" data-id=\"d6217cb\" data-element_type=\"widget\" data-e-type=\"widget\" data-widget_type=\"button.default\">\n\t\t\t\t\t\t\t\t\t\t<a class=\"elementor-button elementor-button-link elementor-size-sm\" href=\"https:\/\/claudiagrmoneo.com\/en\/soy\/\">\n\t\t\t\t\t\t<span class=\"elementor-button-content-wrapper\">\n\t\t\t\t\t\t\t\t\t<span class=\"elementor-button-text\">Contactar<\/span>\n\t\t\t\t\t<\/span>\n\t\t\t\t\t<\/a>\n\t\t\t\t\t\t\t\t<\/div>\n\t\t\t\t<\/div>\n\t\t\t\t\t<\/div>\n\t\t\t\t<\/div>\n\t\t<div class=\"elementor-element elementor-element-d84ade2 e-flex e-con-boxed e-con e-parent\" data-id=\"d84ade2\" data-element_type=\"container\" data-e-type=\"container\" data-settings=\"{&quot;background_background&quot;:&quot;classic&quot;}\">\n\t\t\t\t\t<div class=\"e-con-inner\">\n\t\t\t\t<div class=\"elementor-element elementor-element-0d87f4f elementor-widget elementor-widget-heading\" data-id=\"0d87f4f\" data-element_type=\"widget\" data-e-type=\"widget\" data-widget_type=\"heading.default\">\n\t\t\t\t\t<h2 class=\"elementor-heading-title elementor-size-default\">Noticias<\/h2>\t\t\t\t<\/div>\n\t\t<div class=\"elementor-element elementor-element-e1a2015 e-con-full e-flex e-con e-child\" data-id=\"e1a2015\" data-element_type=\"container\" data-e-type=\"container\">\n\t\t<div class=\"elementor-element elementor-element-832080e e-con-full e-flex e-con e-child\" data-id=\"832080e\" data-element_type=\"container\" data-e-type=\"container\" data-settings=\"{&quot;background_background&quot;:&quot;classic&quot;}\">\n\t\t\t\t<div class=\"elementor-element elementor-element-a22de66 elementor-widget elementor-widget-image\" data-id=\"a22de66\" data-element_type=\"widget\" data-e-type=\"widget\" data-widget_type=\"image.default\">\n\t\t\t\t\t\t\t\t\t\t\t\t\t\t\t\t<a href=\"https:\/\/www.elsaltodiario.com\/entrevista-la-poderio\/claudia-gr-moneo-intento-observar-buen-pensamiento-rechazo-frase-piensa-mal-acertaras\" target=\"_blank\">\n\t\t\t\t\t\t\t<img decoding=\"async\" width=\"1500\" height=\"998\" src=\"https:\/\/claudiagrmoneo.com\/wp-content\/uploads\/2026\/04\/Claudia-Moneo-6.webp\" class=\"attachment-full size-full wp-image-883\" alt=\"\" srcset=\"https:\/\/claudiagrmoneo.com\/wp-content\/uploads\/2026\/04\/Claudia-Moneo-6.webp 1500w, https:\/\/claudiagrmoneo.com\/wp-content\/uploads\/2026\/04\/Claudia-Moneo-6-300x200.webp 300w, https:\/\/claudiagrmoneo.com\/wp-content\/uploads\/2026\/04\/Claudia-Moneo-6-1024x681.webp 1024w, https:\/\/claudiagrmoneo.com\/wp-content\/uploads\/2026\/04\/Claudia-Moneo-6-768x511.webp 768w, https:\/\/claudiagrmoneo.com\/wp-content\/uploads\/2026\/04\/Claudia-Moneo-6-18x12.webp 18w\" sizes=\"(max-width: 1500px) 100vw, 1500px\" \/>\t\t\t\t\t\t\t\t<\/a>\n\t\t\t\t\t\t\t\t\t\t\t\t\t\t\t<\/div>\n\t\t<div class=\"elementor-element elementor-element-d4f84f6 e-con-full e-flex e-con e-child\" data-id=\"d4f84f6\" data-element_type=\"container\" data-e-type=\"container\" data-settings=\"{&quot;background_background&quot;:&quot;classic&quot;}\">\n\t\t\t\t<div class=\"elementor-element elementor-element-4f3eb33 elementor-widget-divider--view-line elementor-widget elementor-widget-divider\" data-id=\"4f3eb33\" data-element_type=\"widget\" data-e-type=\"widget\" data-widget_type=\"divider.default\">\n\t\t\t\t\t\t\t<div class=\"elementor-divider\">\n\t\t\t<span class=\"elementor-divider-separator\">\n\t\t\t\t\t\t<\/span>\n\t\t<\/div>\n\t\t\t\t\t\t<\/div>\n\t\t\t\t<div class=\"elementor-element elementor-element-7e0972c elementor-widget elementor-widget-heading\" data-id=\"7e0972c\" data-element_type=\"widget\" data-e-type=\"widget\" data-widget_type=\"heading.default\">\n\t\t\t\t\t<h3 class=\"elementor-heading-title elementor-size-default\"><a href=\"https:\/\/www.elsaltodiario.com\/entrevista-la-poderio\/claudia-gr-moneo-intento-observar-buen-pensamiento-rechazo-frase-piensa-mal-acertaras\" target=\"_blank\">Claudia GR Moneo: \u201cIntento observar desde el buen pensamiento.<\/a><\/h3>\t\t\t\t<\/div>\n\t\t\t\t<div class=\"elementor-element elementor-element-1ab24d3 elementor-widget-divider--view-line elementor-widget elementor-widget-divider\" data-id=\"1ab24d3\" data-element_type=\"widget\" data-e-type=\"widget\" data-widget_type=\"divider.default\">\n\t\t\t\t\t\t\t<div class=\"elementor-divider\">\n\t\t\t<span class=\"elementor-divider-separator\">\n\t\t\t\t\t\t<\/span>\n\t\t<\/div>\n\t\t\t\t\t\t<\/div>\n\t\t\t\t<div class=\"elementor-element elementor-element-d8854d2 elementor-widget elementor-widget-text-editor\" data-id=\"d8854d2\" data-element_type=\"widget\" data-e-type=\"widget\" data-widget_type=\"text-editor.default\">\n\t\t\t\t\t\t\t\t\t<p>Claudia GR Moneo (Jerez de la Frontera, 1994) retrata lo bello que se escapa por las rendijas del d\u00eda a d\u00eda de su tierra. Es una periodista que ilustra con tino la sencillez que nos rodea&#8230;<\/p>\t\t\t\t\t\t\t\t<\/div>\n\t\t\t\t<div class=\"elementor-element elementor-element-c34bcb2 elementor-view-default elementor-widget elementor-widget-icon\" data-id=\"c34bcb2\" data-element_type=\"widget\" data-e-type=\"widget\" data-widget_type=\"icon.default\">\n\t\t\t\t\t\t\t<div class=\"elementor-icon-wrapper\">\n\t\t\t<a class=\"elementor-icon\" href=\"https:\/\/www.elsaltodiario.com\/entrevista-la-poderio\/claudia-gr-moneo-intento-observar-buen-pensamiento-rechazo-frase-piensa-mal-acertaras\" target=\"_blank\">\n\t\t\t<svg aria-hidden=\"true\" class=\"e-font-icon-svg e-fas-long-arrow-alt-right\" viewBox=\"0 0 448 512\" xmlns=\"http:\/\/www.w3.org\/2000\/svg\"><path d=\"M313.941 216H12c-6.627 0-12 5.373-12 12v56c0 6.627 5.373 12 12 12h301.941v46.059c0 21.382 25.851 32.09 40.971 16.971l86.059-86.059c9.373-9.373 9.373-24.569 0-33.941l-86.059-86.059c-15.119-15.119-40.971-4.411-40.971 16.971V216z\"><\/path><\/svg>\t\t\t<\/a>\n\t\t<\/div>\n\t\t\t\t\t\t<\/div>\n\t\t\t\t<\/div>\n\t\t\t\t<\/div>\n\t\t<div class=\"elementor-element elementor-element-f8ca0d5 e-con-full e-flex e-con e-child\" data-id=\"f8ca0d5\" data-element_type=\"container\" data-e-type=\"container\" data-settings=\"{&quot;background_background&quot;:&quot;classic&quot;}\">\n\t\t\t\t<div class=\"elementor-element elementor-element-fb38feb elementor-widget elementor-widget-image\" data-id=\"fb38feb\" data-element_type=\"widget\" data-e-type=\"widget\" data-widget_type=\"image.default\">\n\t\t\t\t\t\t\t\t\t\t\t\t\t\t\t\t<a href=\"https:\/\/www.pikaramagazine.com\/2020\/11\/claudia-gr-moneo-hasta-el-toto\/\" target=\"_blank\">\n\t\t\t\t\t\t\t<img decoding=\"async\" width=\"440\" height=\"535\" src=\"https:\/\/claudiagrmoneo.com\/wp-content\/uploads\/2025\/10\/claudia-gr-moneo-1.webp\" class=\"attachment-full size-full wp-image-212\" alt=\"\" srcset=\"https:\/\/claudiagrmoneo.com\/wp-content\/uploads\/2025\/10\/claudia-gr-moneo-1.webp 440w, https:\/\/claudiagrmoneo.com\/wp-content\/uploads\/2025\/10\/claudia-gr-moneo-1-247x300.webp 247w\" sizes=\"(max-width: 440px) 100vw, 440px\" \/>\t\t\t\t\t\t\t\t<\/a>\n\t\t\t\t\t\t\t\t\t\t\t\t\t\t\t<\/div>\n\t\t<div class=\"elementor-element elementor-element-66de755 e-con-full e-flex e-con e-child\" data-id=\"66de755\" data-element_type=\"container\" data-e-type=\"container\" data-settings=\"{&quot;background_background&quot;:&quot;classic&quot;}\">\n\t\t\t\t<div class=\"elementor-element elementor-element-235d0ca elementor-widget-divider--view-line elementor-widget elementor-widget-divider\" data-id=\"235d0ca\" data-element_type=\"widget\" data-e-type=\"widget\" data-widget_type=\"divider.default\">\n\t\t\t\t\t\t\t<div class=\"elementor-divider\">\n\t\t\t<span class=\"elementor-divider-separator\">\n\t\t\t\t\t\t<\/span>\n\t\t<\/div>\n\t\t\t\t\t\t<\/div>\n\t\t\t\t<div class=\"elementor-element elementor-element-03253e8 elementor-widget elementor-widget-heading\" data-id=\"03253e8\" data-element_type=\"widget\" data-e-type=\"widget\" data-widget_type=\"heading.default\">\n\t\t\t\t\t<h3 class=\"elementor-heading-title elementor-size-default\"><a href=\"https:\/\/www.pikaramagazine.com\/2020\/11\/claudia-gr-moneo-hasta-el-toto\/\" target=\"_blank\">Claudia GR Moneo, \u00abhasta el toto\u00bb<\/a><\/h3>\t\t\t\t<\/div>\n\t\t\t\t<div class=\"elementor-element elementor-element-522a4b1 elementor-widget-divider--view-line elementor-widget elementor-widget-divider\" data-id=\"522a4b1\" data-element_type=\"widget\" data-e-type=\"widget\" data-widget_type=\"divider.default\">\n\t\t\t\t\t\t\t<div class=\"elementor-divider\">\n\t\t\t<span class=\"elementor-divider-separator\">\n\t\t\t\t\t\t<\/span>\n\t\t<\/div>\n\t\t\t\t\t\t<\/div>\n\t\t\t\t<div class=\"elementor-element elementor-element-69b820c elementor-widget elementor-widget-text-editor\" data-id=\"69b820c\" data-element_type=\"widget\" data-e-type=\"widget\" data-widget_type=\"text-editor.default\">\n\t\t\t\t\t\t\t\t\t<p>Entrevista a la ilustradora Claudia GR Moneo, que en su exposici\u00f3n &#8216;Hasta el toto&#8217; recoge ilustraciones de obras de arte conocidas a las que ella da un giro pens\u00e1ndolas desde situaciones y frases actuales.<\/p>\t\t\t\t\t\t\t\t<\/div>\n\t\t\t\t<div class=\"elementor-element elementor-element-cdfcaf7 elementor-view-default elementor-widget elementor-widget-icon\" data-id=\"cdfcaf7\" data-element_type=\"widget\" data-e-type=\"widget\" data-widget_type=\"icon.default\">\n\t\t\t\t\t\t\t<div class=\"elementor-icon-wrapper\">\n\t\t\t<a class=\"elementor-icon\" href=\"https:\/\/www.pikaramagazine.com\/2020\/11\/claudia-gr-moneo-hasta-el-toto\/\" target=\"_blank\">\n\t\t\t<svg aria-hidden=\"true\" class=\"e-font-icon-svg e-fas-long-arrow-alt-right\" viewBox=\"0 0 448 512\" xmlns=\"http:\/\/www.w3.org\/2000\/svg\"><path d=\"M313.941 216H12c-6.627 0-12 5.373-12 12v56c0 6.627 5.373 12 12 12h301.941v46.059c0 21.382 25.851 32.09 40.971 16.971l86.059-86.059c9.373-9.373 9.373-24.569 0-33.941l-86.059-86.059c-15.119-15.119-40.971-4.411-40.971 16.971V216z\"><\/path><\/svg>\t\t\t<\/a>\n\t\t<\/div>\n\t\t\t\t\t\t<\/div>\n\t\t\t\t<\/div>\n\t\t\t\t<\/div>\n\t\t<div class=\"elementor-element elementor-element-d59004c e-con-full e-flex e-con e-child\" data-id=\"d59004c\" data-element_type=\"container\" data-e-type=\"container\" data-settings=\"{&quot;background_background&quot;:&quot;classic&quot;}\">\n\t\t\t\t<div class=\"elementor-element elementor-element-6e3dd50 elementor-widget elementor-widget-image\" data-id=\"6e3dd50\" data-element_type=\"widget\" data-e-type=\"widget\" data-widget_type=\"image.default\">\n\t\t\t\t\t\t\t\t\t\t\t\t\t\t\t\t<a href=\"https:\/\/www.diariodejerez.es\/jerez\/Rosa-Claudia-GR-Moneo-podcast-abuela-Jerez_0_1893112413.html\" target=\"_blank\">\n\t\t\t\t\t\t\t<img loading=\"lazy\" decoding=\"async\" width=\"1600\" height=\"900\" src=\"https:\/\/claudiagrmoneo.com\/wp-content\/uploads\/2026\/04\/a956d436-e1b4-4aad-a42d-9e09b33d61f6_16-9-aspect-ratio_1600w_0.webp\" class=\"attachment-full size-full wp-image-888\" alt=\"\" srcset=\"https:\/\/claudiagrmoneo.com\/wp-content\/uploads\/2026\/04\/a956d436-e1b4-4aad-a42d-9e09b33d61f6_16-9-aspect-ratio_1600w_0.webp 1600w, https:\/\/claudiagrmoneo.com\/wp-content\/uploads\/2026\/04\/a956d436-e1b4-4aad-a42d-9e09b33d61f6_16-9-aspect-ratio_1600w_0-300x169.webp 300w, https:\/\/claudiagrmoneo.com\/wp-content\/uploads\/2026\/04\/a956d436-e1b4-4aad-a42d-9e09b33d61f6_16-9-aspect-ratio_1600w_0-1024x576.webp 1024w, https:\/\/claudiagrmoneo.com\/wp-content\/uploads\/2026\/04\/a956d436-e1b4-4aad-a42d-9e09b33d61f6_16-9-aspect-ratio_1600w_0-768x432.webp 768w, https:\/\/claudiagrmoneo.com\/wp-content\/uploads\/2026\/04\/a956d436-e1b4-4aad-a42d-9e09b33d61f6_16-9-aspect-ratio_1600w_0-1536x864.webp 1536w, https:\/\/claudiagrmoneo.com\/wp-content\/uploads\/2026\/04\/a956d436-e1b4-4aad-a42d-9e09b33d61f6_16-9-aspect-ratio_1600w_0-18x10.webp 18w\" sizes=\"(max-width: 1600px) 100vw, 1600px\" \/>\t\t\t\t\t\t\t\t<\/a>\n\t\t\t\t\t\t\t\t\t\t\t\t\t\t\t<\/div>\n\t\t<div class=\"elementor-element elementor-element-e1e4cb6 e-con-full e-flex e-con e-child\" data-id=\"e1e4cb6\" data-element_type=\"container\" data-e-type=\"container\" data-settings=\"{&quot;background_background&quot;:&quot;classic&quot;}\">\n\t\t\t\t<div class=\"elementor-element elementor-element-3b945c4 elementor-widget-divider--view-line elementor-widget elementor-widget-divider\" data-id=\"3b945c4\" data-element_type=\"widget\" data-e-type=\"widget\" data-widget_type=\"divider.default\">\n\t\t\t\t\t\t\t<div class=\"elementor-divider\">\n\t\t\t<span class=\"elementor-divider-separator\">\n\t\t\t\t\t\t<\/span>\n\t\t<\/div>\n\t\t\t\t\t\t<\/div>\n\t\t\t\t<div class=\"elementor-element elementor-element-f58273b elementor-widget elementor-widget-heading\" data-id=\"f58273b\" data-element_type=\"widget\" data-e-type=\"widget\" data-widget_type=\"heading.default\">\n\t\t\t\t\t<h3 class=\"elementor-heading-title elementor-size-default\"><a href=\"https:\/\/www.diariodejerez.es\/jerez\/Rosa-Claudia-GR-Moneo-podcast-abuela-Jerez_0_1893112413.html\" target=\"_blank\">Un posca con mi abuela<\/a><\/h3>\t\t\t\t<\/div>\n\t\t\t\t<div class=\"elementor-element elementor-element-0150419 elementor-widget-divider--view-line elementor-widget elementor-widget-divider\" data-id=\"0150419\" data-element_type=\"widget\" data-e-type=\"widget\" data-widget_type=\"divider.default\">\n\t\t\t\t\t\t\t<div class=\"elementor-divider\">\n\t\t\t<span class=\"elementor-divider-separator\">\n\t\t\t\t\t\t<\/span>\n\t\t<\/div>\n\t\t\t\t\t\t<\/div>\n\t\t\t\t<div class=\"elementor-element elementor-element-69bdeb4 elementor-widget elementor-widget-text-editor\" data-id=\"69bdeb4\" data-element_type=\"widget\" data-e-type=\"widget\" data-widget_type=\"text-editor.default\">\n\t\t\t\t\t\t\t\t\t<p>el p\u00f3dcast m\u00e1s jerezano de Rosa &#8216;la del delantal&#8217; y Claudia GR Moneo que despierta los sentidos<\/p>\t\t\t\t\t\t\t\t<\/div>\n\t\t\t\t<div class=\"elementor-element elementor-element-c6cfd4c elementor-view-default elementor-widget elementor-widget-icon\" data-id=\"c6cfd4c\" data-element_type=\"widget\" data-e-type=\"widget\" data-widget_type=\"icon.default\">\n\t\t\t\t\t\t\t<div class=\"elementor-icon-wrapper\">\n\t\t\t<a class=\"elementor-icon\" href=\"https:\/\/www.diariodejerez.es\/jerez\/Rosa-Claudia-GR-Moneo-podcast-abuela-Jerez_0_1893112413.html\" target=\"_blank\">\n\t\t\t<svg aria-hidden=\"true\" class=\"e-font-icon-svg e-fas-long-arrow-alt-right\" viewBox=\"0 0 448 512\" xmlns=\"http:\/\/www.w3.org\/2000\/svg\"><path d=\"M313.941 216H12c-6.627 0-12 5.373-12 12v56c0 6.627 5.373 12 12 12h301.941v46.059c0 21.382 25.851 32.09 40.971 16.971l86.059-86.059c9.373-9.373 9.373-24.569 0-33.941l-86.059-86.059c-15.119-15.119-40.971-4.411-40.971 16.971V216z\"><\/path><\/svg>\t\t\t<\/a>\n\t\t<\/div>\n\t\t\t\t\t\t<\/div>\n\t\t\t\t<\/div>\n\t\t\t\t<\/div>\n\t\t<div class=\"elementor-element elementor-element-400b4cd e-con-full e-flex e-con e-child\" data-id=\"400b4cd\" data-element_type=\"container\" data-e-type=\"container\" data-settings=\"{&quot;background_background&quot;:&quot;classic&quot;}\">\n\t\t\t\t<div class=\"elementor-element elementor-element-ef8a42e elementor-widget elementor-widget-image\" data-id=\"ef8a42e\" data-element_type=\"widget\" data-e-type=\"widget\" data-widget_type=\"image.default\">\n\t\t\t\t\t\t\t\t\t\t\t\t\t\t\t\t<a href=\"https:\/\/www.diariodejerez.es\/jerez\/Claudia-GR-Moneo-III-exposicion-habitacion-compartida-Guadalcacin-jerez-feminismo-igualdad_0_1770723217.html\" target=\"_blank\">\n\t\t\t\t\t\t\t<img loading=\"lazy\" decoding=\"async\" width=\"1600\" height=\"900\" src=\"https:\/\/claudiagrmoneo.com\/wp-content\/uploads\/2026\/04\/0c5889eb-1ebf-4978-9c7d-cae181f20533_16-9-aspect-ratio_1600w_0.webp\" class=\"attachment-full size-full wp-image-891\" alt=\"\" srcset=\"https:\/\/claudiagrmoneo.com\/wp-content\/uploads\/2026\/04\/0c5889eb-1ebf-4978-9c7d-cae181f20533_16-9-aspect-ratio_1600w_0.webp 1600w, https:\/\/claudiagrmoneo.com\/wp-content\/uploads\/2026\/04\/0c5889eb-1ebf-4978-9c7d-cae181f20533_16-9-aspect-ratio_1600w_0-300x169.webp 300w, https:\/\/claudiagrmoneo.com\/wp-content\/uploads\/2026\/04\/0c5889eb-1ebf-4978-9c7d-cae181f20533_16-9-aspect-ratio_1600w_0-1024x576.webp 1024w, https:\/\/claudiagrmoneo.com\/wp-content\/uploads\/2026\/04\/0c5889eb-1ebf-4978-9c7d-cae181f20533_16-9-aspect-ratio_1600w_0-768x432.webp 768w, https:\/\/claudiagrmoneo.com\/wp-content\/uploads\/2026\/04\/0c5889eb-1ebf-4978-9c7d-cae181f20533_16-9-aspect-ratio_1600w_0-1536x864.webp 1536w, https:\/\/claudiagrmoneo.com\/wp-content\/uploads\/2026\/04\/0c5889eb-1ebf-4978-9c7d-cae181f20533_16-9-aspect-ratio_1600w_0-18x10.webp 18w\" sizes=\"(max-width: 1600px) 100vw, 1600px\" \/>\t\t\t\t\t\t\t\t<\/a>\n\t\t\t\t\t\t\t\t\t\t\t\t\t\t\t<\/div>\n\t\t<div class=\"elementor-element elementor-element-5f56b6d e-con-full e-flex e-con e-child\" data-id=\"5f56b6d\" data-element_type=\"container\" data-e-type=\"container\" data-settings=\"{&quot;background_background&quot;:&quot;classic&quot;}\">\n\t\t\t\t<div class=\"elementor-element elementor-element-f5e9d3f elementor-widget-divider--view-line elementor-widget elementor-widget-divider\" data-id=\"f5e9d3f\" data-element_type=\"widget\" data-e-type=\"widget\" data-widget_type=\"divider.default\">\n\t\t\t\t\t\t\t<div class=\"elementor-divider\">\n\t\t\t<span class=\"elementor-divider-separator\">\n\t\t\t\t\t\t<\/span>\n\t\t<\/div>\n\t\t\t\t\t\t<\/div>\n\t\t\t\t<div class=\"elementor-element elementor-element-ff04bc8 elementor-widget elementor-widget-heading\" data-id=\"ff04bc8\" data-element_type=\"widget\" data-e-type=\"widget\" data-widget_type=\"heading.default\">\n\t\t\t\t\t<h3 class=\"elementor-heading-title elementor-size-default\"><a href=\"https:\/\/www.diariodejerez.es\/jerez\/Claudia-GR-Moneo-III-exposicion-habitacion-compartida-Guadalcacin-jerez-feminismo-igualdad_0_1770723217.html\" target=\"_blank\">Claudia GR Moneo expone 'Una habitaci\u00f3n compartida' <\/a><\/h3>\t\t\t\t<\/div>\n\t\t\t\t<div class=\"elementor-element elementor-element-266ac1b elementor-widget-divider--view-line elementor-widget elementor-widget-divider\" data-id=\"266ac1b\" data-element_type=\"widget\" data-e-type=\"widget\" data-widget_type=\"divider.default\">\n\t\t\t\t\t\t\t<div class=\"elementor-divider\">\n\t\t\t<span class=\"elementor-divider-separator\">\n\t\t\t\t\t\t<\/span>\n\t\t<\/div>\n\t\t\t\t\t\t<\/div>\n\t\t\t\t<div class=\"elementor-element elementor-element-640e1c6 elementor-widget elementor-widget-text-editor\" data-id=\"640e1c6\" data-element_type=\"widget\" data-e-type=\"widget\" data-widget_type=\"text-editor.default\">\n\t\t\t\t\t\t\t\t\t<p>La muestra de la jerezana, dedicada a los m\u00e1s peque\u00f1os, se estrena el 6 de marzo en la antesala del teatro de Guadalcac\u00edn<\/p>\t\t\t\t\t\t\t\t<\/div>\n\t\t\t\t<div class=\"elementor-element elementor-element-a97b7e9 elementor-view-default elementor-widget elementor-widget-icon\" data-id=\"a97b7e9\" data-element_type=\"widget\" data-e-type=\"widget\" data-widget_type=\"icon.default\">\n\t\t\t\t\t\t\t<div class=\"elementor-icon-wrapper\">\n\t\t\t<a class=\"elementor-icon\" href=\"https:\/\/www.diariodejerez.es\/jerez\/Claudia-GR-Moneo-III-exposicion-habitacion-compartida-Guadalcacin-jerez-feminismo-igualdad_0_1770723217.html\" target=\"_blank\">\n\t\t\t<svg aria-hidden=\"true\" class=\"e-font-icon-svg e-fas-long-arrow-alt-right\" viewBox=\"0 0 448 512\" xmlns=\"http:\/\/www.w3.org\/2000\/svg\"><path d=\"M313.941 216H12c-6.627 0-12 5.373-12 12v56c0 6.627 5.373 12 12 12h301.941v46.059c0 21.382 25.851 32.09 40.971 16.971l86.059-86.059c9.373-9.373 9.373-24.569 0-33.941l-86.059-86.059c-15.119-15.119-40.971-4.411-40.971 16.971V216z\"><\/path><\/svg>\t\t\t<\/a>\n\t\t<\/div>\n\t\t\t\t\t\t<\/div>\n\t\t\t\t<\/div>\n\t\t\t\t<\/div>\n\t\t<div class=\"elementor-element elementor-element-deae26c e-con-full e-flex e-con e-child\" data-id=\"deae26c\" data-element_type=\"container\" data-e-type=\"container\" data-settings=\"{&quot;background_background&quot;:&quot;classic&quot;}\">\n\t\t\t\t<div class=\"elementor-element elementor-element-2b5697f elementor-widget elementor-widget-image\" data-id=\"2b5697f\" data-element_type=\"widget\" data-e-type=\"widget\" data-widget_type=\"image.default\">\n\t\t\t\t\t\t\t\t\t\t\t\t\t\t\t\t<a href=\"https:\/\/www.lavozdelsur.es\/ediciones\/jerez\/emocion-carino-en-homenaje-rosa-moneo-su-nieta-claudia-por-posca-con-mi-abuela-ha-sido-reflexion-amor-diversion_342850_102.html\" target=\"_blank\">\n\t\t\t\t\t\t\t<img loading=\"lazy\" decoding=\"async\" width=\"1000\" height=\"574\" src=\"https:\/\/claudiagrmoneo.com\/wp-content\/uploads\/2026\/04\/homenaje-a-personas-mayores-conse-local-del-mayor-atalayya-17_4_1000x574.webp\" class=\"attachment-full size-full wp-image-894\" alt=\"\" srcset=\"https:\/\/claudiagrmoneo.com\/wp-content\/uploads\/2026\/04\/homenaje-a-personas-mayores-conse-local-del-mayor-atalayya-17_4_1000x574.webp 1000w, https:\/\/claudiagrmoneo.com\/wp-content\/uploads\/2026\/04\/homenaje-a-personas-mayores-conse-local-del-mayor-atalayya-17_4_1000x574-300x172.webp 300w, https:\/\/claudiagrmoneo.com\/wp-content\/uploads\/2026\/04\/homenaje-a-personas-mayores-conse-local-del-mayor-atalayya-17_4_1000x574-768x441.webp 768w, https:\/\/claudiagrmoneo.com\/wp-content\/uploads\/2026\/04\/homenaje-a-personas-mayores-conse-local-del-mayor-atalayya-17_4_1000x574-18x10.webp 18w\" sizes=\"(max-width: 1000px) 100vw, 1000px\" \/>\t\t\t\t\t\t\t\t<\/a>\n\t\t\t\t\t\t\t\t\t\t\t\t\t\t\t<\/div>\n\t\t<div class=\"elementor-element elementor-element-89beb48 e-con-full e-flex e-con e-child\" data-id=\"89beb48\" data-element_type=\"container\" data-e-type=\"container\" data-settings=\"{&quot;background_background&quot;:&quot;classic&quot;}\">\n\t\t\t\t<div class=\"elementor-element elementor-element-3852de6 elementor-widget-divider--view-line elementor-widget elementor-widget-divider\" data-id=\"3852de6\" data-element_type=\"widget\" data-e-type=\"widget\" data-widget_type=\"divider.default\">\n\t\t\t\t\t\t\t<div class=\"elementor-divider\">\n\t\t\t<span class=\"elementor-divider-separator\">\n\t\t\t\t\t\t<\/span>\n\t\t<\/div>\n\t\t\t\t\t\t<\/div>\n\t\t\t\t<div class=\"elementor-element elementor-element-7428ac7 elementor-widget elementor-widget-heading\" data-id=\"7428ac7\" data-element_type=\"widget\" data-e-type=\"widget\" data-widget_type=\"heading.default\">\n\t\t\t\t\t<h3 class=\"elementor-heading-title elementor-size-default\"><a href=\"https:\/\/www.lavozdelsur.es\/ediciones\/jerez\/emocion-carino-en-homenaje-rosa-moneo-su-nieta-claudia-por-posca-con-mi-abuela-ha-sido-reflexion-amor-diversion_342850_102.html\" target=\"_blank\">Homenaje a Rosa Moneo y su nieta Claudia<\/a><\/h3>\t\t\t\t<\/div>\n\t\t\t\t<div class=\"elementor-element elementor-element-0bd2d79 elementor-widget-divider--view-line elementor-widget elementor-widget-divider\" data-id=\"0bd2d79\" data-element_type=\"widget\" data-e-type=\"widget\" data-widget_type=\"divider.default\">\n\t\t\t\t\t\t\t<div class=\"elementor-divider\">\n\t\t\t<span class=\"elementor-divider-separator\">\n\t\t\t\t\t\t<\/span>\n\t\t<\/div>\n\t\t\t\t\t\t<\/div>\n\t\t\t\t<div class=\"elementor-element elementor-element-bc5d2bc elementor-widget elementor-widget-text-editor\" data-id=\"bc5d2bc\" data-element_type=\"widget\" data-e-type=\"widget\" data-widget_type=\"text-editor.default\">\n\t\t\t\t\t\t\t\t\t<p>Abuela y nieta han recogido la Distinci\u00f3n de Honor del Consejo Local de las Personas Mayores de Jerez por su proyecto, que transforma conversaciones en relatos de vida<\/p>\t\t\t\t\t\t\t\t<\/div>\n\t\t\t\t<div class=\"elementor-element elementor-element-1f082a1 elementor-view-default elementor-widget elementor-widget-icon\" data-id=\"1f082a1\" data-element_type=\"widget\" data-e-type=\"widget\" data-widget_type=\"icon.default\">\n\t\t\t\t\t\t\t<div class=\"elementor-icon-wrapper\">\n\t\t\t<a class=\"elementor-icon\" href=\"https:\/\/www.lavozdelsur.es\/ediciones\/jerez\/emocion-carino-en-homenaje-rosa-moneo-su-nieta-claudia-por-posca-con-mi-abuela-ha-sido-reflexion-amor-diversion_342850_102.html\" target=\"_blank\">\n\t\t\t<svg aria-hidden=\"true\" class=\"e-font-icon-svg e-fas-long-arrow-alt-right\" viewBox=\"0 0 448 512\" xmlns=\"http:\/\/www.w3.org\/2000\/svg\"><path d=\"M313.941 216H12c-6.627 0-12 5.373-12 12v56c0 6.627 5.373 12 12 12h301.941v46.059c0 21.382 25.851 32.09 40.971 16.971l86.059-86.059c9.373-9.373 9.373-24.569 0-33.941l-86.059-86.059c-15.119-15.119-40.971-4.411-40.971 16.971V216z\"><\/path><\/svg>\t\t\t<\/a>\n\t\t<\/div>\n\t\t\t\t\t\t<\/div>\n\t\t\t\t<\/div>\n\t\t\t\t<\/div>\n\t\t<div class=\"elementor-element elementor-element-f1e3b2b e-con-full e-flex e-con e-child\" data-id=\"f1e3b2b\" data-element_type=\"container\" data-e-type=\"container\" data-settings=\"{&quot;background_background&quot;:&quot;classic&quot;}\">\n\t\t\t\t<div class=\"elementor-element elementor-element-9f8e7ac elementor-widget elementor-widget-image\" data-id=\"9f8e7ac\" data-element_type=\"widget\" data-e-type=\"widget\" data-widget_type=\"image.default\">\n\t\t\t\t\t\t\t\t\t\t\t\t\t\t\t\t<a href=\"https:\/\/www.lavozdelsur.es\/actualidad\/sociedad\/rosa-moneo-plazuela-abuela-mas-famosa-querida-jerez-imagen-8-m-sevilla_329848_102.html\" target=\"_blank\">\n\t\t\t\t\t\t\t<img loading=\"lazy\" decoding=\"async\" width=\"1000\" height=\"574\" src=\"https:\/\/claudiagrmoneo.com\/wp-content\/uploads\/2026\/04\/glmdmmowaaaicpe_4_1000x574.webp\" class=\"attachment-full size-full wp-image-897\" alt=\"\" srcset=\"https:\/\/claudiagrmoneo.com\/wp-content\/uploads\/2026\/04\/glmdmmowaaaicpe_4_1000x574.webp 1000w, https:\/\/claudiagrmoneo.com\/wp-content\/uploads\/2026\/04\/glmdmmowaaaicpe_4_1000x574-300x172.webp 300w, https:\/\/claudiagrmoneo.com\/wp-content\/uploads\/2026\/04\/glmdmmowaaaicpe_4_1000x574-768x441.webp 768w, https:\/\/claudiagrmoneo.com\/wp-content\/uploads\/2026\/04\/glmdmmowaaaicpe_4_1000x574-18x10.webp 18w\" sizes=\"(max-width: 1000px) 100vw, 1000px\" \/>\t\t\t\t\t\t\t\t<\/a>\n\t\t\t\t\t\t\t\t\t\t\t\t\t\t\t<\/div>\n\t\t<div class=\"elementor-element elementor-element-fc54e06 e-con-full e-flex e-con e-child\" data-id=\"fc54e06\" data-element_type=\"container\" data-e-type=\"container\" data-settings=\"{&quot;background_background&quot;:&quot;classic&quot;}\">\n\t\t\t\t<div class=\"elementor-element elementor-element-c635614 elementor-widget-divider--view-line elementor-widget elementor-widget-divider\" data-id=\"c635614\" data-element_type=\"widget\" data-e-type=\"widget\" data-widget_type=\"divider.default\">\n\t\t\t\t\t\t\t<div class=\"elementor-divider\">\n\t\t\t<span class=\"elementor-divider-separator\">\n\t\t\t\t\t\t<\/span>\n\t\t<\/div>\n\t\t\t\t\t\t<\/div>\n\t\t\t\t<div class=\"elementor-element elementor-element-a7fd0a3 elementor-widget elementor-widget-heading\" data-id=\"a7fd0a3\" data-element_type=\"widget\" data-e-type=\"widget\" data-widget_type=\"heading.default\">\n\t\t\t\t\t<h3 class=\"elementor-heading-title elementor-size-default\"><a href=\"https:\/\/www.lavozdelsur.es\/actualidad\/sociedad\/rosa-moneo-plazuela-abuela-mas-famosa-querida-jerez-imagen-8-m-sevilla_329848_102.html\" target=\"_blank\">Rosa Moneo, 'la de la Plazuela', la abuela m\u00e1s famosa de Jerez<\/a><\/h3>\t\t\t\t<\/div>\n\t\t\t\t<div class=\"elementor-element elementor-element-9f52836 elementor-widget-divider--view-line elementor-widget elementor-widget-divider\" data-id=\"9f52836\" data-element_type=\"widget\" data-e-type=\"widget\" data-widget_type=\"divider.default\">\n\t\t\t\t\t\t\t<div class=\"elementor-divider\">\n\t\t\t<span class=\"elementor-divider-separator\">\n\t\t\t\t\t\t<\/span>\n\t\t<\/div>\n\t\t\t\t\t\t<\/div>\n\t\t\t\t<div class=\"elementor-element elementor-element-06da306 elementor-widget elementor-widget-text-editor\" data-id=\"06da306\" data-element_type=\"widget\" data-e-type=\"widget\" data-widget_type=\"text-editor.default\">\n\t\t\t\t\t\t\t\t\t<p>Una obra de la artista Virginia Bersab\u00e9 homenajea a todas las mujeres mayores poniendo la jerezana esa esencia<\/p>\t\t\t\t\t\t\t\t<\/div>\n\t\t\t\t<div class=\"elementor-element elementor-element-34404fa elementor-view-default elementor-widget elementor-widget-icon\" data-id=\"34404fa\" data-element_type=\"widget\" data-e-type=\"widget\" data-widget_type=\"icon.default\">\n\t\t\t\t\t\t\t<div class=\"elementor-icon-wrapper\">\n\t\t\t<a class=\"elementor-icon\" href=\"https:\/\/www.lavozdelsur.es\/actualidad\/sociedad\/rosa-moneo-plazuela-abuela-mas-famosa-querida-jerez-imagen-8-m-sevilla_329848_102.html\" target=\"_blank\">\n\t\t\t<svg aria-hidden=\"true\" class=\"e-font-icon-svg e-fas-long-arrow-alt-right\" viewBox=\"0 0 448 512\" xmlns=\"http:\/\/www.w3.org\/2000\/svg\"><path d=\"M313.941 216H12c-6.627 0-12 5.373-12 12v56c0 6.627 5.373 12 12 12h301.941v46.059c0 21.382 25.851 32.09 40.971 16.971l86.059-86.059c9.373-9.373 9.373-24.569 0-33.941l-86.059-86.059c-15.119-15.119-40.971-4.411-40.971 16.971V216z\"><\/path><\/svg>\t\t\t<\/a>\n\t\t<\/div>\n\t\t\t\t\t\t<\/div>\n\t\t\t\t<\/div>\n\t\t\t\t<\/div>\n\t\t<div class=\"elementor-element elementor-element-4081d37 e-con-full e-flex e-con e-child\" data-id=\"4081d37\" data-element_type=\"container\" data-e-type=\"container\" data-settings=\"{&quot;background_background&quot;:&quot;classic&quot;}\">\n\t\t\t\t<div class=\"elementor-element elementor-element-35ede69 elementor-widget elementor-widget-image\" data-id=\"35ede69\" data-element_type=\"widget\" data-e-type=\"widget\" data-widget_type=\"image.default\">\n\t\t\t\t\t\t\t\t\t\t\t\t\t\t\t\t<a href=\"https:\/\/www.lavozdelsur.es\/ediciones\/jerez\/memento-fabulam-libro-documental-dos-jerezanas-rescatan-historias-silenciadas_333902_102.html\" target=\"_blank\">\n\t\t\t\t\t\t\t<img loading=\"lazy\" decoding=\"async\" width=\"1000\" height=\"574\" src=\"https:\/\/claudiagrmoneo.com\/wp-content\/uploads\/2026\/04\/memento-fabulam-presentacion-de-documental-33_4_1000x574.webp\" class=\"attachment-full size-full wp-image-900\" alt=\"\" srcset=\"https:\/\/claudiagrmoneo.com\/wp-content\/uploads\/2026\/04\/memento-fabulam-presentacion-de-documental-33_4_1000x574.webp 1000w, https:\/\/claudiagrmoneo.com\/wp-content\/uploads\/2026\/04\/memento-fabulam-presentacion-de-documental-33_4_1000x574-300x172.webp 300w, https:\/\/claudiagrmoneo.com\/wp-content\/uploads\/2026\/04\/memento-fabulam-presentacion-de-documental-33_4_1000x574-768x441.webp 768w, https:\/\/claudiagrmoneo.com\/wp-content\/uploads\/2026\/04\/memento-fabulam-presentacion-de-documental-33_4_1000x574-18x10.webp 18w\" sizes=\"(max-width: 1000px) 100vw, 1000px\" \/>\t\t\t\t\t\t\t\t<\/a>\n\t\t\t\t\t\t\t\t\t\t\t\t\t\t\t<\/div>\n\t\t<div class=\"elementor-element elementor-element-3957406 e-con-full e-flex e-con e-child\" data-id=\"3957406\" data-element_type=\"container\" data-e-type=\"container\" data-settings=\"{&quot;background_background&quot;:&quot;classic&quot;}\">\n\t\t\t\t<div class=\"elementor-element elementor-element-c31c557 elementor-widget-divider--view-line elementor-widget elementor-widget-divider\" data-id=\"c31c557\" data-element_type=\"widget\" data-e-type=\"widget\" data-widget_type=\"divider.default\">\n\t\t\t\t\t\t\t<div class=\"elementor-divider\">\n\t\t\t<span class=\"elementor-divider-separator\">\n\t\t\t\t\t\t<\/span>\n\t\t<\/div>\n\t\t\t\t\t\t<\/div>\n\t\t\t\t<div class=\"elementor-element elementor-element-9d436de elementor-widget elementor-widget-heading\" data-id=\"9d436de\" data-element_type=\"widget\" data-e-type=\"widget\" data-widget_type=\"heading.default\">\n\t\t\t\t\t<h3 class=\"elementor-heading-title elementor-size-default\"><a href=\"https:\/\/www.lavozdelsur.es\/ediciones\/jerez\/memento-fabulam-libro-documental-dos-jerezanas-rescatan-historias-silenciadas_333902_102.html\" target=\"_blank\">Memento Fabulam<\/a><\/h3>\t\t\t\t<\/div>\n\t\t\t\t<div class=\"elementor-element elementor-element-053aeb2 elementor-widget-divider--view-line elementor-widget elementor-widget-divider\" data-id=\"053aeb2\" data-element_type=\"widget\" data-e-type=\"widget\" data-widget_type=\"divider.default\">\n\t\t\t\t\t\t\t<div class=\"elementor-divider\">\n\t\t\t<span class=\"elementor-divider-separator\">\n\t\t\t\t\t\t<\/span>\n\t\t<\/div>\n\t\t\t\t\t\t<\/div>\n\t\t\t\t<div class=\"elementor-element elementor-element-098c0ad elementor-widget elementor-widget-text-editor\" data-id=\"098c0ad\" data-element_type=\"widget\" data-e-type=\"widget\" data-widget_type=\"text-editor.default\">\n\t\t\t\t\t\t\t\t\t<p>Un libro y un documental de dos jerezanas que rescatan historias silenciadas<\/p>\t\t\t\t\t\t\t\t<\/div>\n\t\t\t\t<div class=\"elementor-element elementor-element-317f8fd elementor-view-default elementor-widget elementor-widget-icon\" data-id=\"317f8fd\" data-element_type=\"widget\" data-e-type=\"widget\" data-widget_type=\"icon.default\">\n\t\t\t\t\t\t\t<div class=\"elementor-icon-wrapper\">\n\t\t\t<a class=\"elementor-icon\" href=\"https:\/\/www.lavozdelsur.es\/ediciones\/jerez\/memento-fabulam-libro-documental-dos-jerezanas-rescatan-historias-silenciadas_333902_102.html\" target=\"_blank\">\n\t\t\t<svg aria-hidden=\"true\" class=\"e-font-icon-svg e-fas-long-arrow-alt-right\" viewBox=\"0 0 448 512\" xmlns=\"http:\/\/www.w3.org\/2000\/svg\"><path d=\"M313.941 216H12c-6.627 0-12 5.373-12 12v56c0 6.627 5.373 12 12 12h301.941v46.059c0 21.382 25.851 32.09 40.971 16.971l86.059-86.059c9.373-9.373 9.373-24.569 0-33.941l-86.059-86.059c-15.119-15.119-40.971-4.411-40.971 16.971V216z\"><\/path><\/svg>\t\t\t<\/a>\n\t\t<\/div>\n\t\t\t\t\t\t<\/div>\n\t\t\t\t<\/div>\n\t\t\t\t<\/div>\n\t\t<div class=\"elementor-element elementor-element-be8adaa e-con-full e-flex e-con e-child\" data-id=\"be8adaa\" data-element_type=\"container\" data-e-type=\"container\" data-settings=\"{&quot;background_background&quot;:&quot;classic&quot;}\">\n\t\t\t\t<div class=\"elementor-element elementor-element-5c02e68 elementor-widget elementor-widget-image\" data-id=\"5c02e68\" data-element_type=\"widget\" data-e-type=\"widget\" data-widget_type=\"image.default\">\n\t\t\t\t\t\t\t\t\t\t\t\t\t\t\t\t<a href=\"https:\/\/www.diariodejerez.es\/jerez\/que-queo-reconstruccion-historias-victimas-franquismo-jerez_0_2005646602.html#goog_rewarded\" target=\"_blank\">\n\t\t\t\t\t\t\t<img loading=\"lazy\" decoding=\"async\" width=\"1600\" height=\"900\" src=\"https:\/\/claudiagrmoneo.com\/wp-content\/uploads\/2026\/04\/5ba86ea3-625a-4822-b696-14a76d3fa19b_16-9-aspect-ratio_1600w_0.webp\" class=\"attachment-full size-full wp-image-903\" alt=\"\" srcset=\"https:\/\/claudiagrmoneo.com\/wp-content\/uploads\/2026\/04\/5ba86ea3-625a-4822-b696-14a76d3fa19b_16-9-aspect-ratio_1600w_0.webp 1600w, https:\/\/claudiagrmoneo.com\/wp-content\/uploads\/2026\/04\/5ba86ea3-625a-4822-b696-14a76d3fa19b_16-9-aspect-ratio_1600w_0-300x169.webp 300w, https:\/\/claudiagrmoneo.com\/wp-content\/uploads\/2026\/04\/5ba86ea3-625a-4822-b696-14a76d3fa19b_16-9-aspect-ratio_1600w_0-1024x576.webp 1024w, https:\/\/claudiagrmoneo.com\/wp-content\/uploads\/2026\/04\/5ba86ea3-625a-4822-b696-14a76d3fa19b_16-9-aspect-ratio_1600w_0-768x432.webp 768w, https:\/\/claudiagrmoneo.com\/wp-content\/uploads\/2026\/04\/5ba86ea3-625a-4822-b696-14a76d3fa19b_16-9-aspect-ratio_1600w_0-1536x864.webp 1536w, https:\/\/claudiagrmoneo.com\/wp-content\/uploads\/2026\/04\/5ba86ea3-625a-4822-b696-14a76d3fa19b_16-9-aspect-ratio_1600w_0-18x10.webp 18w\" sizes=\"(max-width: 1600px) 100vw, 1600px\" \/>\t\t\t\t\t\t\t\t<\/a>\n\t\t\t\t\t\t\t\t\t\t\t\t\t\t\t<\/div>\n\t\t<div class=\"elementor-element elementor-element-b38cee5 e-con-full e-flex e-con e-child\" data-id=\"b38cee5\" data-element_type=\"container\" data-e-type=\"container\" data-settings=\"{&quot;background_background&quot;:&quot;classic&quot;}\">\n\t\t\t\t<div class=\"elementor-element elementor-element-7803eab elementor-widget-divider--view-line elementor-widget elementor-widget-divider\" data-id=\"7803eab\" data-element_type=\"widget\" data-e-type=\"widget\" data-widget_type=\"divider.default\">\n\t\t\t\t\t\t\t<div class=\"elementor-divider\">\n\t\t\t<span class=\"elementor-divider-separator\">\n\t\t\t\t\t\t<\/span>\n\t\t<\/div>\n\t\t\t\t\t\t<\/div>\n\t\t\t\t<div class=\"elementor-element elementor-element-c135100 elementor-widget elementor-widget-heading\" data-id=\"c135100\" data-element_type=\"widget\" data-e-type=\"widget\" data-widget_type=\"heading.default\">\n\t\t\t\t\t<h3 class=\"elementor-heading-title elementor-size-default\"><a href=\"https:\/\/www.diariodejerez.es\/jerez\/que-queo-reconstruccion-historias-victimas-franquismo-jerez_0_2005646602.html#goog_rewarded\" target=\"_blank\">'Qu\u00e9 que\u00f3'<\/a><\/h3>\t\t\t\t<\/div>\n\t\t\t\t<div class=\"elementor-element elementor-element-a9f8d23 elementor-widget-divider--view-line elementor-widget elementor-widget-divider\" data-id=\"a9f8d23\" data-element_type=\"widget\" data-e-type=\"widget\" data-widget_type=\"divider.default\">\n\t\t\t\t\t\t\t<div class=\"elementor-divider\">\n\t\t\t<span class=\"elementor-divider-separator\">\n\t\t\t\t\t\t<\/span>\n\t\t<\/div>\n\t\t\t\t\t\t<\/div>\n\t\t\t\t<div class=\"elementor-element elementor-element-3701acc elementor-widget elementor-widget-text-editor\" data-id=\"3701acc\" data-element_type=\"widget\" data-e-type=\"widget\" data-widget_type=\"text-editor.default\">\n\t\t\t\t\t\t\t\t\t<p>La reconstrucci\u00f3n de historias de v\u00edctimas del franquismo en Jerez. El proyecto, dirigido por Candela N\u00fa\u00f1ez, recoge a trav\u00e9s de entrevistas, fotograf\u00eda y documentaci\u00f3n hist\u00f3rica las historias de vida de familiares de personas represaliadas y asesinadas<\/p>\t\t\t\t\t\t\t\t<\/div>\n\t\t\t\t<div class=\"elementor-element elementor-element-0f5d3ce elementor-view-default elementor-widget elementor-widget-icon\" data-id=\"0f5d3ce\" data-element_type=\"widget\" data-e-type=\"widget\" data-widget_type=\"icon.default\">\n\t\t\t\t\t\t\t<div class=\"elementor-icon-wrapper\">\n\t\t\t<a class=\"elementor-icon\" href=\"https:\/\/www.diariodejerez.es\/jerez\/que-queo-reconstruccion-historias-victimas-franquismo-jerez_0_2005646602.html#goog_rewarded\" target=\"_blank\">\n\t\t\t<svg aria-hidden=\"true\" class=\"e-font-icon-svg e-fas-long-arrow-alt-right\" viewBox=\"0 0 448 512\" xmlns=\"http:\/\/www.w3.org\/2000\/svg\"><path d=\"M313.941 216H12c-6.627 0-12 5.373-12 12v56c0 6.627 5.373 12 12 12h301.941v46.059c0 21.382 25.851 32.09 40.971 16.971l86.059-86.059c9.373-9.373 9.373-24.569 0-33.941l-86.059-86.059c-15.119-15.119-40.971-4.411-40.971 16.971V216z\"><\/path><\/svg>\t\t\t<\/a>\n\t\t<\/div>\n\t\t\t\t\t\t<\/div>\n\t\t\t\t<\/div>\n\t\t\t\t<\/div>\n\t\t\t\t<\/div>\n\t\t\t\t\t<\/div>\n\t\t\t\t<\/div>\n\t\t<div class=\"elementor-element elementor-element-52fee00 e-flex e-con-boxed e-con e-parent\" data-id=\"52fee00\" data-element_type=\"container\" data-e-type=\"container\" data-settings=\"{&quot;background_background&quot;:&quot;classic&quot;}\">\n\t\t\t\t\t<div class=\"e-con-inner\">\n\t\t<div class=\"elementor-element elementor-element-685dcff e-con-full e-flex e-con e-child\" data-id=\"685dcff\" data-element_type=\"container\" data-e-type=\"container\">\n\t\t\t\t<div class=\"elementor-element elementor-element-e8f8d81 elementor-widget elementor-widget-image\" data-id=\"e8f8d81\" data-element_type=\"widget\" data-e-type=\"widget\" data-widget_type=\"image.default\">\n\t\t\t\t\t\t\t\t\t\t\t\t\t\t\t<img loading=\"lazy\" decoding=\"async\" width=\"725\" height=\"386\" src=\"https:\/\/claudiagrmoneo.com\/wp-content\/uploads\/2025\/10\/TAMARA-PASTORA-3.webp\" class=\"attachment-full size-full wp-image-83\" alt=\"Claudia Gr Moneo\" srcset=\"https:\/\/claudiagrmoneo.com\/wp-content\/uploads\/2025\/10\/TAMARA-PASTORA-3.webp 725w, https:\/\/claudiagrmoneo.com\/wp-content\/uploads\/2025\/10\/TAMARA-PASTORA-3-300x160.webp 300w\" sizes=\"(max-width: 725px) 100vw, 725px\" \/>\t\t\t\t\t\t\t\t\t\t\t\t\t\t\t<\/div>\n\t\t\t\t<div class=\"elementor-element elementor-element-6ba2c3c elementor-widget__width-initial elementor-invisible elementor-widget elementor-widget-heading\" data-id=\"6ba2c3c\" data-element_type=\"widget\" data-e-type=\"widget\" data-settings=\"{&quot;_animation&quot;:&quot;fadeIn&quot;}\" data-widget_type=\"heading.default\">\n\t\t\t\t\t<h2 class=\"elementor-heading-title elementor-size-default\">Escr\u00edbeme pichocho<\/h2>\t\t\t\t<\/div>\n\t\t\t\t<div class=\"elementor-element elementor-element-73ee0bd elementor-widget elementor-widget-text-editor\" data-id=\"73ee0bd\" data-element_type=\"widget\" data-e-type=\"widget\" data-widget_type=\"text-editor.default\">\n\t\t\t\t\t\t\t\t\t<p>Cont\u00e1ctame para colaborar <br \/>con tu proyecto. \u00a0<\/p>\t\t\t\t\t\t\t\t<\/div>\n\t\t\t\t<\/div>\n\t\t\t\t<div class=\"elementor-element elementor-element-9f0166d olab-contact-form elementor-widget__width-initial elementor-button-align-stretch elementor-widget elementor-widget-form\" data-id=\"9f0166d\" data-element_type=\"widget\" data-e-type=\"widget\" data-settings=\"{&quot;step_next_label&quot;:&quot;Siguiente&quot;,&quot;step_previous_label&quot;:&quot;Anterior&quot;,&quot;button_width&quot;:&quot;100&quot;,&quot;step_type&quot;:&quot;number_text&quot;,&quot;step_icon_shape&quot;:&quot;circle&quot;}\" data-widget_type=\"form.default\">\n\t\t\t\t\t\t\t<form class=\"elementor-form\" method=\"post\" name=\"Formulario desde ZOY\" aria-label=\"Formulario desde ZOY\">\n\t\t\t<input type=\"hidden\" name=\"post_id\" value=\"911\"\/>\n\t\t\t<input type=\"hidden\" name=\"form_id\" value=\"9f0166d\"\/>\n\t\t\t<input type=\"hidden\" name=\"referer_title\" value=\"Claudia GR Moneo\" \/>\n\n\t\t\t\n\t\t\t<div class=\"elementor-form-fields-wrapper elementor-labels-above\">\n\t\t\t\t\t\t\t\t<div class=\"elementor-field-type-text elementor-field-group elementor-column elementor-field-group-name elementor-col-100\">\n\t\t\t\t\t\t\t\t\t\t\t\t<label for=\"form-field-name\" class=\"elementor-field-label\">\n\t\t\t\t\t\t\t\tTu nombre\t\t\t\t\t\t\t<\/label>\n\t\t\t\t\t\t\t\t\t\t\t\t\t\t<input size=\"1\" type=\"text\" name=\"form_fields[name]\" id=\"form-field-name\" class=\"elementor-field elementor-size-sm  elementor-field-textual\" placeholder=\"Nombre\">\n\t\t\t\t\t\t\t\t\t\t\t<\/div>\n\t\t\t\t\t\t\t\t<div class=\"elementor-field-type-email elementor-field-group elementor-column elementor-field-group-email elementor-col-100 elementor-field-required elementor-mark-required\">\n\t\t\t\t\t\t\t\t\t\t\t\t<label for=\"form-field-email\" class=\"elementor-field-label\">\n\t\t\t\t\t\t\t\tTu Mail\t\t\t\t\t\t\t<\/label>\n\t\t\t\t\t\t\t\t\t\t\t\t\t\t<input size=\"1\" type=\"email\" name=\"form_fields[email]\" id=\"form-field-email\" class=\"elementor-field elementor-size-sm  elementor-field-textual\" placeholder=\"Email\" required=\"required\">\n\t\t\t\t\t\t\t\t\t\t\t<\/div>\n\t\t\t\t\t\t\t\t<div class=\"elementor-field-type-textarea elementor-field-group elementor-column elementor-field-group-field_6dc6bf9 elementor-col-100 elementor-field-required elementor-mark-required\">\n\t\t\t\t\t\t\t\t\t\t\t\t<label for=\"form-field-field_6dc6bf9\" class=\"elementor-field-label\">\n\t\t\t\t\t\t\t\tCu\u00e9ntame\t\t\t\t\t\t\t<\/label>\n\t\t\t\t\t\t<textarea class=\"elementor-field-textual elementor-field  elementor-size-sm\" name=\"form_fields[field_6dc6bf9]\" id=\"form-field-field_6dc6bf9\" rows=\"4\" placeholder=\"....\" required=\"required\"><\/textarea>\t\t\t\t<\/div>\n\t\t\t\t\t\t\t\t<div class=\"elementor-field-type-text\">\n\t\t\t\t\t<input size=\"1\" type=\"text\" name=\"form_fields[field_8ad274f]\" id=\"form-field-field_8ad274f\" class=\"elementor-field elementor-size-sm \" style=\"display:none !important;\">\t\t\t\t<\/div>\n\t\t\t\t\t\t\t\t<div class=\"elementor-field-type-acceptance elementor-field-group elementor-column elementor-field-group-field_6e21b72 elementor-col-100\">\n\t\t\t\t\t\t\t<div class=\"elementor-field-subgroup\">\n\t\t\t<span class=\"elementor-field-option\">\n\t\t\t\t<input type=\"checkbox\" name=\"form_fields[field_6e21b72]\" id=\"form-field-field_6e21b72\" class=\"elementor-field elementor-size-sm  elementor-acceptance-field\">\n\t\t\t\t<label for=\"form-field-field_6e21b72\">Acepto la <a style=\"font-weight: 700; text-decoration: underline;\" href=\"\/politica-privacidad\">pol\u00edtica de privacidad<\/a><\/label>\t\t\t<\/span>\n\t\t<\/div>\n\t\t\t\t\t\t<\/div>\n\t\t\t\t\t\t\t\t<div class=\"elementor-field-type-recaptcha_v3 elementor-field-group elementor-column elementor-field-group-field_b89f123 elementor-col-100 recaptcha_v3-bottomleft\">\n\t\t\t\t\t<div class=\"elementor-field\" id=\"form-field-field_b89f123\"><div class=\"elementor-g-recaptcha\" data-sitekey=\"6Lf41OErAAAAAGW-_vDbY_2pPVJGu_58Yrh88z3p\" data-type=\"v3\" data-action=\"Form\" data-badge=\"bottomleft\" data-size=\"invisible\"><\/div><\/div>\t\t\t\t<\/div>\n\t\t\t\t\t\t\t\t<div class=\"elementor-field-group elementor-column elementor-field-type-submit elementor-col-100 e-form__buttons\">\n\t\t\t\t\t<button class=\"elementor-button elementor-size-md\" type=\"submit\">\n\t\t\t\t\t\t<span class=\"elementor-button-content-wrapper\">\n\t\t\t\t\t\t\t\t\t\t\t\t\t\t\t\t\t\t\t\t\t\t<span class=\"elementor-button-text\">Enviar<\/span>\n\t\t\t\t\t\t\t\t\t\t\t\t\t<\/span>\n\t\t\t\t\t<\/button>\n\t\t\t\t<\/div>\n\t\t\t<\/div>\n\t\t<\/form>\n\t\t\t\t\t\t<\/div>\n\t\t\t\t\t<\/div>\n\t\t\t\t<\/div>\n\t\t\t\t<\/div>\n\t\t","protected":false},"excerpt":{"rendered":"<p>Noticias Esto es el caj\u00f3n donde guardo todo lo que no cabe en una vi\u00f1eta. Art\u00edculos, reflexiones, entrevistas que me han hecho por ah\u00ed fuera, exposiciones, apariciones en prensa y cosas que me remueven sobre lo cotidiano, el feminismo, Andaluc\u00eda, la comunidad gitana y nuestras mayores. Todo desde el humor, la imperfecci\u00f3n y las ganas [&hellip;]<\/p>\n","protected":false},"author":2,"featured_media":0,"parent":0,"menu_order":0,"comment_status":"closed","ping_status":"closed","template":"","meta":{"footnotes":""},"class_list":["post-911","page","type-page","status-publish","hentry"],"yoast_head":"<!-- This site is optimized with the Yoast SEO plugin v27.4 - https:\/\/yoast.com\/product\/yoast-seo-wordpress\/ -->\n<title>Noticias | Claudia GR Moneo<\/title>\n<meta name=\"robots\" content=\"index, follow, max-snippet:-1, max-image-preview:large, max-video-preview:-1\" \/>\n<link rel=\"canonical\" href=\"https:\/\/claudiagrmoneo.com\/en\/noticias\/\" \/>\n<meta property=\"og:locale\" content=\"en_GB\" \/>\n<meta property=\"og:type\" content=\"article\" \/>\n<meta property=\"og:title\" content=\"Noticias | Claudia GR Moneo\" \/>\n<meta property=\"og:description\" content=\"Noticias Esto es el caj\u00f3n donde guardo todo lo que no cabe en una vi\u00f1eta. Art\u00edculos, reflexiones, entrevistas que me han hecho por ah\u00ed fuera, exposiciones, apariciones en prensa y cosas que me remueven sobre lo cotidiano, el feminismo, Andaluc\u00eda, la comunidad gitana y nuestras mayores. Todo desde el humor, la imperfecci\u00f3n y las ganas [&hellip;]\" \/>\n<meta property=\"og:url\" content=\"https:\/\/claudiagrmoneo.com\/en\/noticias\/\" \/>\n<meta property=\"og:site_name\" content=\"Claudia GR Moneo\" \/>\n<meta property=\"article:modified_time\" content=\"2026-04-29T11:45:45+00:00\" \/>\n<meta property=\"og:image\" content=\"https:\/\/claudiagrmoneo.com\/wp-content\/uploads\/2026\/04\/TAMARA-PASTORA-1-700x1049-1.webp\" \/>\n\t<meta property=\"og:image:width\" content=\"700\" \/>\n\t<meta property=\"og:image:height\" content=\"1049\" \/>\n\t<meta property=\"og:image:type\" content=\"image\/webp\" \/>\n<meta name=\"twitter:card\" content=\"summary_large_image\" \/>\n<meta name=\"twitter:label1\" content=\"Estimated reading time\" \/>\n\t<meta name=\"twitter:data1\" content=\"4 minutes\" \/>\n<script type=\"application\/ld+json\" class=\"yoast-schema-graph\">{\"@context\":\"https:\\\/\\\/schema.org\",\"@graph\":[{\"@type\":\"WebPage\",\"@id\":\"https:\\\/\\\/claudiagrmoneo.com\\\/noticias\\\/\",\"url\":\"https:\\\/\\\/claudiagrmoneo.com\\\/noticias\\\/\",\"name\":\"Noticias | Claudia GR Moneo\",\"isPartOf\":{\"@id\":\"https:\\\/\\\/claudiagrmoneo.com\\\/#website\"},\"primaryImageOfPage\":{\"@id\":\"https:\\\/\\\/claudiagrmoneo.com\\\/noticias\\\/#primaryimage\"},\"image\":{\"@id\":\"https:\\\/\\\/claudiagrmoneo.com\\\/noticias\\\/#primaryimage\"},\"thumbnailUrl\":\"https:\\\/\\\/claudiagrmoneo.com\\\/wp-content\\\/uploads\\\/2026\\\/04\\\/TAMARA-PASTORA-1-700x1049-1-683x1024.webp\",\"datePublished\":\"2026-04-29T10:52:06+00:00\",\"dateModified\":\"2026-04-29T11:45:45+00:00\",\"breadcrumb\":{\"@id\":\"https:\\\/\\\/claudiagrmoneo.com\\\/noticias\\\/#breadcrumb\"},\"inLanguage\":\"en-GB\",\"potentialAction\":[{\"@type\":\"ReadAction\",\"target\":[\"https:\\\/\\\/claudiagrmoneo.com\\\/noticias\\\/\"]}]},{\"@type\":\"ImageObject\",\"inLanguage\":\"en-GB\",\"@id\":\"https:\\\/\\\/claudiagrmoneo.com\\\/noticias\\\/#primaryimage\",\"url\":\"https:\\\/\\\/claudiagrmoneo.com\\\/wp-content\\\/uploads\\\/2026\\\/04\\\/TAMARA-PASTORA-1-700x1049-1-683x1024.webp\",\"contentUrl\":\"https:\\\/\\\/claudiagrmoneo.com\\\/wp-content\\\/uploads\\\/2026\\\/04\\\/TAMARA-PASTORA-1-700x1049-1-683x1024.webp\"},{\"@type\":\"BreadcrumbList\",\"@id\":\"https:\\\/\\\/claudiagrmoneo.com\\\/noticias\\\/#breadcrumb\",\"itemListElement\":[{\"@type\":\"ListItem\",\"position\":1,\"name\":\"Portada\",\"item\":\"https:\\\/\\\/claudiagrmoneo.com\\\/\"},{\"@type\":\"ListItem\",\"position\":2,\"name\":\"Noticias\"}]},{\"@type\":\"WebSite\",\"@id\":\"https:\\\/\\\/claudiagrmoneo.com\\\/#website\",\"url\":\"https:\\\/\\\/claudiagrmoneo.com\\\/\",\"name\":\"Claudia GR Moneo\",\"description\":\"Periodista, ilustradora y comunicadora\",\"publisher\":{\"@id\":\"https:\\\/\\\/claudiagrmoneo.com\\\/#organization\"},\"alternateName\":\"Claudia GR Moneo \u00b7 Periodista, ilustradora y creativa\",\"potentialAction\":[{\"@type\":\"SearchAction\",\"target\":{\"@type\":\"EntryPoint\",\"urlTemplate\":\"https:\\\/\\\/claudiagrmoneo.com\\\/?s={search_term_string}\"},\"query-input\":{\"@type\":\"PropertyValueSpecification\",\"valueRequired\":true,\"valueName\":\"search_term_string\"}}],\"inLanguage\":\"en-GB\"},{\"@type\":\"Organization\",\"@id\":\"https:\\\/\\\/claudiagrmoneo.com\\\/#organization\",\"name\":\"Claudia GR Moneo. Periodista, comunicadora e ilustradora\",\"alternateName\":\"Claudia GR Moneo. Periodista, comunicadora e ilustradora\",\"url\":\"https:\\\/\\\/claudiagrmoneo.com\\\/\",\"logo\":{\"@type\":\"ImageObject\",\"inLanguage\":\"en-GB\",\"@id\":\"https:\\\/\\\/claudiagrmoneo.com\\\/#\\\/schema\\\/logo\\\/image\\\/\",\"url\":\"https:\\\/\\\/claudiagrmoneo.com\\\/wp-content\\\/uploads\\\/2025\\\/10\\\/claudia-gr-moneo.webp\",\"contentUrl\":\"https:\\\/\\\/claudiagrmoneo.com\\\/wp-content\\\/uploads\\\/2025\\\/10\\\/claudia-gr-moneo.webp\",\"width\":562,\"height\":708,\"caption\":\"Claudia GR Moneo. Periodista, comunicadora e ilustradora\"},\"image\":{\"@id\":\"https:\\\/\\\/claudiagrmoneo.com\\\/#\\\/schema\\\/logo\\\/image\\\/\"},\"sameAs\":[\"https:\\\/\\\/www.instagram.com\\\/claudia_grmoneo\\\/\",\"https:\\\/\\\/www.youtube.com\\\/watch?v=ZtffCBeELPI\",\"https:\\\/\\\/open.spotify.com\\\/show\\\/05OHwqYqSyWTC7UL7LYRk9?si=0f00f4479c084aea&nd=1&dlsi=a3fd05dea83746d1\"]}]}<\/script>\n<!-- \/ Yoast SEO plugin. -->","yoast_head_json":{"title":"Noticias | Claudia GR Moneo","robots":{"index":"index","follow":"follow","max-snippet":"max-snippet:-1","max-image-preview":"max-image-preview:large","max-video-preview":"max-video-preview:-1"},"canonical":"https:\/\/claudiagrmoneo.com\/en\/noticias\/","og_locale":"en_GB","og_type":"article","og_title":"Noticias | Claudia GR Moneo","og_description":"Noticias Esto es el caj\u00f3n donde guardo todo lo que no cabe en una vi\u00f1eta. Art\u00edculos, reflexiones, entrevistas que me han hecho por ah\u00ed fuera, exposiciones, apariciones en prensa y cosas que me remueven sobre lo cotidiano, el feminismo, Andaluc\u00eda, la comunidad gitana y nuestras mayores. Todo desde el humor, la imperfecci\u00f3n y las ganas [&hellip;]","og_url":"https:\/\/claudiagrmoneo.com\/en\/noticias\/","og_site_name":"Claudia GR Moneo","article_modified_time":"2026-04-29T11:45:45+00:00","og_image":[{"width":700,"height":1049,"url":"https:\/\/claudiagrmoneo.com\/wp-content\/uploads\/2026\/04\/TAMARA-PASTORA-1-700x1049-1.webp","type":"image\/webp"}],"twitter_card":"summary_large_image","twitter_misc":{"Estimated reading time":"4 minutes"},"schema":{"@context":"https:\/\/schema.org","@graph":[{"@type":"WebPage","@id":"https:\/\/claudiagrmoneo.com\/noticias\/","url":"https:\/\/claudiagrmoneo.com\/noticias\/","name":"Noticias | Claudia GR Moneo","isPartOf":{"@id":"https:\/\/claudiagrmoneo.com\/#website"},"primaryImageOfPage":{"@id":"https:\/\/claudiagrmoneo.com\/noticias\/#primaryimage"},"image":{"@id":"https:\/\/claudiagrmoneo.com\/noticias\/#primaryimage"},"thumbnailUrl":"https:\/\/claudiagrmoneo.com\/wp-content\/uploads\/2026\/04\/TAMARA-PASTORA-1-700x1049-1-683x1024.webp","datePublished":"2026-04-29T10:52:06+00:00","dateModified":"2026-04-29T11:45:45+00:00","breadcrumb":{"@id":"https:\/\/claudiagrmoneo.com\/noticias\/#breadcrumb"},"inLanguage":"en-GB","potentialAction":[{"@type":"ReadAction","target":["https:\/\/claudiagrmoneo.com\/noticias\/"]}]},{"@type":"ImageObject","inLanguage":"en-GB","@id":"https:\/\/claudiagrmoneo.com\/noticias\/#primaryimage","url":"https:\/\/claudiagrmoneo.com\/wp-content\/uploads\/2026\/04\/TAMARA-PASTORA-1-700x1049-1-683x1024.webp","contentUrl":"https:\/\/claudiagrmoneo.com\/wp-content\/uploads\/2026\/04\/TAMARA-PASTORA-1-700x1049-1-683x1024.webp"},{"@type":"BreadcrumbList","@id":"https:\/\/claudiagrmoneo.com\/noticias\/#breadcrumb","itemListElement":[{"@type":"ListItem","position":1,"name":"Portada","item":"https:\/\/claudiagrmoneo.com\/"},{"@type":"ListItem","position":2,"name":"Noticias"}]},{"@type":"WebSite","@id":"https:\/\/claudiagrmoneo.com\/#website","url":"https:\/\/claudiagrmoneo.com\/","name":"Claudia GR Moneo","description":"Journalist, illustrator and communicator","publisher":{"@id":"https:\/\/claudiagrmoneo.com\/#organization"},"alternateName":"Claudia GR Moneo \u00b7 Periodista, ilustradora y creativa","potentialAction":[{"@type":"SearchAction","target":{"@type":"EntryPoint","urlTemplate":"https:\/\/claudiagrmoneo.com\/?s={search_term_string}"},"query-input":{"@type":"PropertyValueSpecification","valueRequired":true,"valueName":"search_term_string"}}],"inLanguage":"en-GB"},{"@type":"Organization","@id":"https:\/\/claudiagrmoneo.com\/#organization","name":"Claudia GR Moneo. Journalist, communicator and illustrator","alternateName":"Claudia GR Moneo. Periodista, comunicadora e ilustradora","url":"https:\/\/claudiagrmoneo.com\/","logo":{"@type":"ImageObject","inLanguage":"en-GB","@id":"https:\/\/claudiagrmoneo.com\/#\/schema\/logo\/image\/","url":"https:\/\/claudiagrmoneo.com\/wp-content\/uploads\/2025\/10\/claudia-gr-moneo.webp","contentUrl":"https:\/\/claudiagrmoneo.com\/wp-content\/uploads\/2025\/10\/claudia-gr-moneo.webp","width":562,"height":708,"caption":"Claudia GR Moneo. Periodista, comunicadora e ilustradora"},"image":{"@id":"https:\/\/claudiagrmoneo.com\/#\/schema\/logo\/image\/"},"sameAs":["https:\/\/www.instagram.com\/claudia_grmoneo\/","https:\/\/www.youtube.com\/watch?v=ZtffCBeELPI","https:\/\/open.spotify.com\/show\/05OHwqYqSyWTC7UL7LYRk9?si=0f00f4479c084aea&nd=1&dlsi=a3fd05dea83746d1"]}]}},"_links":{"self":[{"href":"https:\/\/claudiagrmoneo.com\/en\/wp-json\/wp\/v2\/pages\/911","targetHints":{"allow":["GET"]}}],"collection":[{"href":"https:\/\/claudiagrmoneo.com\/en\/wp-json\/wp\/v2\/pages"}],"about":[{"href":"https:\/\/claudiagrmoneo.com\/en\/wp-json\/wp\/v2\/types\/page"}],"author":[{"embeddable":true,"href":"https:\/\/claudiagrmoneo.com\/en\/wp-json\/wp\/v2\/users\/2"}],"replies":[{"embeddable":true,"href":"https:\/\/claudiagrmoneo.com\/en\/wp-json\/wp\/v2\/comments?post=911"}],"version-history":[{"count":23,"href":"https:\/\/claudiagrmoneo.com\/en\/wp-json\/wp\/v2\/pages\/911\/revisions"}],"predecessor-version":[{"id":945,"href":"https:\/\/claudiagrmoneo.com\/en\/wp-json\/wp\/v2\/pages\/911\/revisions\/945"}],"wp:attachment":[{"href":"https:\/\/claudiagrmoneo.com\/en\/wp-json\/wp\/v2\/media?parent=911"}],"curies":[{"name":"wp","href":"https:\/\/api.w.org\/{rel}","templated":true}]}}