{"id":621,"date":"2025-12-11T10:09:31","date_gmt":"2025-12-11T09:09:31","guid":{"rendered":"https:\/\/claudiagrmoneo.com\/?page_id=621"},"modified":"2026-03-16T12:51:26","modified_gmt":"2026-03-16T11:51:26","slug":"entrevistas-y-redaccion-2","status":"publish","type":"page","link":"https:\/\/claudiagrmoneo.com\/en\/servicios\/entrevistas-y-redaccion-2\/","title":{"rendered":"Interviews and writing"},"content":{"rendered":"\t\t<div data-elementor-type=\"wp-page\" data-elementor-id=\"621\" class=\"elementor elementor-621\" data-elementor-post-type=\"page\">\n\t\t\t\t<div class=\"elementor-element elementor-element-5de557e e-flex e-con-boxed e-con e-parent\" data-id=\"5de557e\" data-element_type=\"container\" data-e-type=\"container\">\n\t\t\t\t\t<div class=\"e-con-inner\">\n\t\t\t\t<div class=\"elementor-element elementor-element-903bdde elementor-widget-divider--view-line elementor-widget elementor-widget-divider\" data-id=\"903bdde\" data-element_type=\"widget\" data-e-type=\"widget\" data-widget_type=\"divider.default\">\n\t\t\t\t\t\t\t<div class=\"elementor-divider\">\n\t\t\t<span class=\"elementor-divider-separator\">\n\t\t\t\t\t\t<\/span>\n\t\t<\/div>\n\t\t\t\t\t\t<\/div>\n\t\t\t\t<div class=\"elementor-element elementor-element-fc38786 elementor-widget__width-initial elementor-widget elementor-widget-heading\" data-id=\"fc38786\" data-element_type=\"widget\" data-e-type=\"widget\" data-widget_type=\"heading.default\">\n\t\t\t\t\t<h2 class=\"elementor-heading-title elementor-size-default\">ENTREVISTAS <br>\nY REDACCI\u00d3N<\/h2>\t\t\t\t<\/div>\n\t\t\t\t<div class=\"elementor-element elementor-element-d9fb3b6 elementor-widget__width-initial elementor-widget elementor-widget-text-editor\" data-id=\"d9fb3b6\" data-element_type=\"widget\" data-e-type=\"widget\" data-widget_type=\"text-editor.default\">\n\t\t\t\t\t\t\t\t\t<p><span style=\"font-weight: 400;\">Periodista, de formaci\u00f3n acad\u00e9mica, me encanta hacer entrevistas y cr\u00f3nicas sobre temas sociales y culturales. Meterme en la persona que tengo delante y sacarle las entra\u00f1as para acercarme a ella y entender su mirada, su forma de expresi\u00f3n en el mundo. Tras m\u00e1s de 5 a\u00f1os en redacciones locales, he de decir que me gusta escribir. Y que lo hago mucho en mis redes sociales, y claro est\u00e1, donde me llamen. <\/span><\/p>\t\t\t\t\t\t\t\t<\/div>\n\t\t\t\t<div class=\"elementor-element elementor-element-ba6f7d3 elementor-widget-divider--view-line elementor-widget elementor-widget-divider\" data-id=\"ba6f7d3\" data-element_type=\"widget\" data-e-type=\"widget\" data-widget_type=\"divider.default\">\n\t\t\t\t\t\t\t<div class=\"elementor-divider\">\n\t\t\t<span class=\"elementor-divider-separator\">\n\t\t\t\t\t\t<\/span>\n\t\t<\/div>\n\t\t\t\t\t\t<\/div>\n\t\t\t\t<div class=\"elementor-element elementor-element-776d302 elementor-widget elementor-widget-image\" data-id=\"776d302\" data-element_type=\"widget\" data-e-type=\"widget\" data-widget_type=\"image.default\">\n\t\t\t\t\t\t\t\t\t\t\t\t\t\t\t<img fetchpriority=\"high\" decoding=\"async\" width=\"800\" height=\"338\" src=\"https:\/\/claudiagrmoneo.com\/wp-content\/uploads\/2026\/03\/mercedes_de_pablos_1-1024x432.webp\" class=\"attachment-large size-large wp-image-748\" alt=\"\" srcset=\"https:\/\/claudiagrmoneo.com\/wp-content\/uploads\/2026\/03\/mercedes_de_pablos_1-1024x432.webp 1024w, https:\/\/claudiagrmoneo.com\/wp-content\/uploads\/2026\/03\/mercedes_de_pablos_1-300x127.webp 300w, https:\/\/claudiagrmoneo.com\/wp-content\/uploads\/2026\/03\/mercedes_de_pablos_1-768x324.webp 768w, https:\/\/claudiagrmoneo.com\/wp-content\/uploads\/2026\/03\/mercedes_de_pablos_1-1536x648.webp 1536w, https:\/\/claudiagrmoneo.com\/wp-content\/uploads\/2026\/03\/mercedes_de_pablos_1-18x8.webp 18w, https:\/\/claudiagrmoneo.com\/wp-content\/uploads\/2026\/03\/mercedes_de_pablos_1.webp 1600w\" sizes=\"(max-width: 800px) 100vw, 800px\" \/>\t\t\t\t\t\t\t\t\t\t\t\t\t\t\t<\/div>\n\t\t\t\t<div class=\"elementor-element elementor-element-fa80046 elementor-widget-divider--view-line elementor-widget elementor-widget-divider\" data-id=\"fa80046\" data-element_type=\"widget\" data-e-type=\"widget\" data-widget_type=\"divider.default\">\n\t\t\t\t\t\t\t<div class=\"elementor-divider\">\n\t\t\t<span class=\"elementor-divider-separator\">\n\t\t\t\t\t\t<\/span>\n\t\t<\/div>\n\t\t\t\t\t\t<\/div>\n\t\t<div class=\"elementor-element elementor-element-e88320e e-con-full e-flex e-con e-child\" data-id=\"e88320e\" data-element_type=\"container\" data-e-type=\"container\">\n\t\t<div class=\"elementor-element elementor-element-191983e e-con-full e-flex e-con e-child\" data-id=\"191983e\" data-element_type=\"container\" data-e-type=\"container\">\n\t\t<div class=\"elementor-element elementor-element-c1eec72 e-con-full e-flex e-con e-child\" data-id=\"c1eec72\" data-element_type=\"container\" data-e-type=\"container\">\n\t\t\t\t<div class=\"elementor-element elementor-element-a22c901 elementor-widget__width-initial elementor-widget elementor-widget-heading\" data-id=\"a22c901\" data-element_type=\"widget\" data-e-type=\"widget\" data-widget_type=\"heading.default\">\n\t\t\t\t\t<h2 class=\"elementor-heading-title elementor-size-default\">Gurm\u00e9 de c\u00e1diz<\/h2>\t\t\t\t<\/div>\n\t\t\t\t<div class=\"elementor-element elementor-element-30e062e elementor-widget__width-initial elementor-hidden-desktop elementor-hidden-tablet elementor-hidden-mobile elementor-widget elementor-widget-heading\" data-id=\"30e062e\" data-element_type=\"widget\" data-e-type=\"widget\" data-widget_type=\"heading.default\">\n\t\t\t\t\t<h2 class=\"elementor-heading-title elementor-size-default\">Edici\u00f3n y maquetaci\u00f3n: Salvartes Design<\/h2>\t\t\t\t<\/div>\n\t\t\t\t<\/div>\n\t\t\t\t<div class=\"elementor-element elementor-element-94681bf elementor-widget__width-initial elementor-widget elementor-widget-text-editor\" data-id=\"94681bf\" data-element_type=\"widget\" data-e-type=\"widget\" data-widget_type=\"text-editor.default\">\n\t\t\t\t\t\t\t\t\t<p><span style=\"font-weight: 400;\">Redactora de la revista f\u00edsica \u2018Gurm\u00e9 de C\u00e1diz\u2019 desde verano de 2024. La publicaci\u00f3n, que sale de manera estacional con n\u00fameros en verano e invierno, hace una radiograf\u00eda de los negocios hosteleros de la provincia de C\u00e1diz. Y adem\u00e1s, cuenta con cuatro secciones especiales, donde he intervenido haciendo entrevistas: \u2018De mano a mano\u2019, \u2018Psic\u00f3logo de sala\u2019, \u2018Nuevos fogones\u2019 y \u2018Mi d\u00eda libre en\u2026\u2019. En ellas, he podido entrevistar a Borja Garc\u00eda, de Ultramarinos El Calvo (Puerto Real), Mauricio Jim\u00e9nez, metre de El Faro de C\u00e1diz, o a Rosi S\u00e1nchez de la Tienda D\u2019Estraza (Barbate), entre otros cocineros y hosteleros de nuestra rica provincia.<\/span><\/p>\t\t\t\t\t\t\t\t<\/div>\n\t\t\t\t<\/div>\n\t\t<div class=\"elementor-element elementor-element-79efc20 e-con-full e-flex e-con e-child\" data-id=\"79efc20\" data-element_type=\"container\" data-e-type=\"container\">\n\t\t<div class=\"elementor-element elementor-element-2165e56 e-con-full e-flex e-con e-child\" data-id=\"2165e56\" data-element_type=\"container\" data-e-type=\"container\">\n\t\t\t\t<div class=\"elementor-element elementor-element-292cacf elementor-widget__width-initial elementor-widget elementor-widget-image\" data-id=\"292cacf\" data-element_type=\"widget\" data-e-type=\"widget\" data-widget_type=\"image.default\">\n\t\t\t\t\t\t\t\t\t\t\t\t\t\t\t<img decoding=\"async\" width=\"800\" height=\"834\" src=\"https:\/\/claudiagrmoneo.com\/wp-content\/uploads\/2026\/03\/img_1695_1-1-982x1024.webp\" class=\"attachment-large size-large wp-image-822\" alt=\"\" srcset=\"https:\/\/claudiagrmoneo.com\/wp-content\/uploads\/2026\/03\/img_1695_1-1-982x1024.webp 982w, https:\/\/claudiagrmoneo.com\/wp-content\/uploads\/2026\/03\/img_1695_1-1-288x300.webp 288w, https:\/\/claudiagrmoneo.com\/wp-content\/uploads\/2026\/03\/img_1695_1-1-768x801.webp 768w, https:\/\/claudiagrmoneo.com\/wp-content\/uploads\/2026\/03\/img_1695_1-1-12x12.webp 12w, https:\/\/claudiagrmoneo.com\/wp-content\/uploads\/2026\/03\/img_1695_1-1.webp 1066w\" sizes=\"(max-width: 800px) 100vw, 800px\" \/>\t\t\t\t\t\t\t\t\t\t\t\t\t\t\t<\/div>\n\t\t\t\t<div class=\"elementor-element elementor-element-9ee3633 elementor-widget__width-initial elementor-widget elementor-widget-image\" data-id=\"9ee3633\" data-element_type=\"widget\" data-e-type=\"widget\" data-widget_type=\"image.default\">\n\t\t\t\t\t\t\t\t\t\t\t\t\t\t\t<img decoding=\"async\" width=\"800\" height=\"834\" src=\"https:\/\/claudiagrmoneo.com\/wp-content\/uploads\/2026\/03\/img_4575_1-1-982x1024.webp\" class=\"attachment-large size-large wp-image-823\" alt=\"\" srcset=\"https:\/\/claudiagrmoneo.com\/wp-content\/uploads\/2026\/03\/img_4575_1-1-982x1024.webp 982w, https:\/\/claudiagrmoneo.com\/wp-content\/uploads\/2026\/03\/img_4575_1-1-288x300.webp 288w, https:\/\/claudiagrmoneo.com\/wp-content\/uploads\/2026\/03\/img_4575_1-1-768x801.webp 768w, https:\/\/claudiagrmoneo.com\/wp-content\/uploads\/2026\/03\/img_4575_1-1-12x12.webp 12w, https:\/\/claudiagrmoneo.com\/wp-content\/uploads\/2026\/03\/img_4575_1-1.webp 1066w\" sizes=\"(max-width: 800px) 100vw, 800px\" \/>\t\t\t\t\t\t\t\t\t\t\t\t\t\t\t<\/div>\n\t\t\t\t<div class=\"elementor-element elementor-element-518ce4d elementor-widget__width-initial elementor-widget elementor-widget-image\" data-id=\"518ce4d\" data-element_type=\"widget\" data-e-type=\"widget\" data-widget_type=\"image.default\">\n\t\t\t\t\t\t\t\t\t\t\t\t\t\t\t<img loading=\"lazy\" decoding=\"async\" width=\"800\" height=\"834\" src=\"https:\/\/claudiagrmoneo.com\/wp-content\/uploads\/2026\/03\/img_1801_1-1-982x1024.webp\" class=\"attachment-large size-large wp-image-824\" alt=\"\" srcset=\"https:\/\/claudiagrmoneo.com\/wp-content\/uploads\/2026\/03\/img_1801_1-1-982x1024.webp 982w, https:\/\/claudiagrmoneo.com\/wp-content\/uploads\/2026\/03\/img_1801_1-1-288x300.webp 288w, https:\/\/claudiagrmoneo.com\/wp-content\/uploads\/2026\/03\/img_1801_1-1-768x801.webp 768w, https:\/\/claudiagrmoneo.com\/wp-content\/uploads\/2026\/03\/img_1801_1-1-12x12.webp 12w, https:\/\/claudiagrmoneo.com\/wp-content\/uploads\/2026\/03\/img_1801_1-1.webp 1066w\" sizes=\"(max-width: 800px) 100vw, 800px\" \/>\t\t\t\t\t\t\t\t\t\t\t\t\t\t\t<\/div>\n\t\t\t\t<\/div>\n\t\t\t\t<\/div>\n\t\t\t\t<\/div>\n\t\t\t\t<div class=\"elementor-element elementor-element-2d64a9d elementor-widget-divider--view-line elementor-widget elementor-widget-divider\" data-id=\"2d64a9d\" data-element_type=\"widget\" data-e-type=\"widget\" data-widget_type=\"divider.default\">\n\t\t\t\t\t\t\t<div class=\"elementor-divider\">\n\t\t\t<span class=\"elementor-divider-separator\">\n\t\t\t\t\t\t<\/span>\n\t\t<\/div>\n\t\t\t\t\t\t<\/div>\n\t\t<div class=\"elementor-element elementor-element-b16c73a e-con-full e-flex e-con e-child\" data-id=\"b16c73a\" data-element_type=\"container\" data-e-type=\"container\">\n\t\t<div class=\"elementor-element elementor-element-927dc58 e-con-full e-flex e-con e-child\" data-id=\"927dc58\" data-element_type=\"container\" data-e-type=\"container\">\n\t\t<div class=\"elementor-element elementor-element-28e5076 e-con-full e-flex e-con e-child\" data-id=\"28e5076\" data-element_type=\"container\" data-e-type=\"container\">\n\t\t\t\t<div class=\"elementor-element elementor-element-30c6912 elementor-widget__width-initial elementor-widget elementor-widget-heading\" data-id=\"30c6912\" data-element_type=\"widget\" data-e-type=\"widget\" data-widget_type=\"heading.default\">\n\t\t\t\t\t<h2 class=\"elementor-heading-title elementor-size-default\">MEMENTO FABULAM<\/h2>\t\t\t\t<\/div>\n\t\t\t\t<div class=\"elementor-element elementor-element-de8cbe9 elementor-widget__width-initial elementor-hidden-desktop elementor-hidden-tablet elementor-hidden-mobile elementor-widget elementor-widget-heading\" data-id=\"de8cbe9\" data-element_type=\"widget\" data-e-type=\"widget\" data-widget_type=\"heading.default\">\n\t\t\t\t\t<h2 class=\"elementor-heading-title elementor-size-default\">Edici\u00f3n y maquetaci\u00f3n: Salvartes Design<\/h2>\t\t\t\t<\/div>\n\t\t\t\t<\/div>\n\t\t\t\t<div class=\"elementor-element elementor-element-c72ecfd elementor-widget__width-initial elementor-widget elementor-widget-text-editor\" data-id=\"c72ecfd\" data-element_type=\"widget\" data-e-type=\"widget\" data-widget_type=\"text-editor.default\">\n\t\t\t\t\t\t\t\t\t<p>Redactora de una de las 22 entrevistas del libro Memento Fabulam, un proyecto dirigido por la fot\u00f3grafa Candela N\u00fa\u00f1ez y publicado por la Asociaci\u00f3n de Familiares y Amigos por la Recuperaci\u00f3n de la Memoria Hist\u00f3rica de Jerez junto a la Diputaci\u00f3n de C\u00e1diz.<\/p><p>El libro recoge testimonios de familiares de v\u00edctimas de la represi\u00f3n franquista en Jerez de la Frontera. A trav\u00e9s de entrevistas como la de la familia de Miguel Garc\u00eda Rom\u00e1n, conocido como \u00abEl Ni\u00f1o de los Nardos\u00bb, se reconstruyen historias de persecuci\u00f3n y memoria que permanecieron silenciadas durante d\u00e9cadas.<\/p>\t\t\t\t\t\t\t\t<\/div>\n\t\t\t\t<\/div>\n\t\t<div class=\"elementor-element elementor-element-c457d12 e-con-full e-flex e-con e-child\" data-id=\"c457d12\" data-element_type=\"container\" data-e-type=\"container\">\n\t\t<div class=\"elementor-element elementor-element-7928fef e-con-full e-flex e-con e-child\" data-id=\"7928fef\" data-element_type=\"container\" data-e-type=\"container\">\n\t\t\t\t<div class=\"elementor-element elementor-element-4e0270f elementor-widget__width-initial elementor-widget elementor-widget-image\" data-id=\"4e0270f\" data-element_type=\"widget\" data-e-type=\"widget\" data-widget_type=\"image.default\">\n\t\t\t\t\t\t\t\t\t\t\t\t\t\t\t<img loading=\"lazy\" decoding=\"async\" width=\"800\" height=\"834\" src=\"https:\/\/claudiagrmoneo.com\/wp-content\/uploads\/2026\/03\/retrato_4_1-1-982x1024.webp\" class=\"attachment-large size-large wp-image-825\" alt=\"\" srcset=\"https:\/\/claudiagrmoneo.com\/wp-content\/uploads\/2026\/03\/retrato_4_1-1-982x1024.webp 982w, https:\/\/claudiagrmoneo.com\/wp-content\/uploads\/2026\/03\/retrato_4_1-1-288x300.webp 288w, https:\/\/claudiagrmoneo.com\/wp-content\/uploads\/2026\/03\/retrato_4_1-1-768x801.webp 768w, https:\/\/claudiagrmoneo.com\/wp-content\/uploads\/2026\/03\/retrato_4_1-1-12x12.webp 12w, https:\/\/claudiagrmoneo.com\/wp-content\/uploads\/2026\/03\/retrato_4_1-1.webp 1066w\" sizes=\"(max-width: 800px) 100vw, 800px\" \/>\t\t\t\t\t\t\t\t\t\t\t\t\t\t\t<\/div>\n\t\t\t\t<div class=\"elementor-element elementor-element-60aedab elementor-widget__width-initial elementor-widget elementor-widget-image\" data-id=\"60aedab\" data-element_type=\"widget\" data-e-type=\"widget\" data-widget_type=\"image.default\">\n\t\t\t\t\t\t\t\t\t\t\t\t\t\t\t<img loading=\"lazy\" decoding=\"async\" width=\"800\" height=\"834\" src=\"https:\/\/claudiagrmoneo.com\/wp-content\/uploads\/2026\/03\/proyeccio_n_docu_2_1-1-982x1024.webp\" class=\"attachment-large size-large wp-image-826\" alt=\"\" srcset=\"https:\/\/claudiagrmoneo.com\/wp-content\/uploads\/2026\/03\/proyeccio_n_docu_2_1-1-982x1024.webp 982w, https:\/\/claudiagrmoneo.com\/wp-content\/uploads\/2026\/03\/proyeccio_n_docu_2_1-1-288x300.webp 288w, https:\/\/claudiagrmoneo.com\/wp-content\/uploads\/2026\/03\/proyeccio_n_docu_2_1-1-768x801.webp 768w, https:\/\/claudiagrmoneo.com\/wp-content\/uploads\/2026\/03\/proyeccio_n_docu_2_1-1-12x12.webp 12w, https:\/\/claudiagrmoneo.com\/wp-content\/uploads\/2026\/03\/proyeccio_n_docu_2_1-1.webp 1066w\" sizes=\"(max-width: 800px) 100vw, 800px\" \/>\t\t\t\t\t\t\t\t\t\t\t\t\t\t\t<\/div>\n\t\t\t\t<div class=\"elementor-element elementor-element-43eaa21 elementor-widget__width-initial elementor-widget elementor-widget-image\" data-id=\"43eaa21\" data-element_type=\"widget\" data-e-type=\"widget\" data-widget_type=\"image.default\">\n\t\t\t\t\t\t\t\t\t\t\t\t\t\t\t<img loading=\"lazy\" decoding=\"async\" width=\"800\" height=\"834\" src=\"https:\/\/claudiagrmoneo.com\/wp-content\/uploads\/2026\/03\/proyeccio_n_docu_3-982x1024.webp\" class=\"attachment-large size-large wp-image-828\" alt=\"\" srcset=\"https:\/\/claudiagrmoneo.com\/wp-content\/uploads\/2026\/03\/proyeccio_n_docu_3-982x1024.webp 982w, https:\/\/claudiagrmoneo.com\/wp-content\/uploads\/2026\/03\/proyeccio_n_docu_3-288x300.webp 288w, https:\/\/claudiagrmoneo.com\/wp-content\/uploads\/2026\/03\/proyeccio_n_docu_3-768x801.webp 768w, https:\/\/claudiagrmoneo.com\/wp-content\/uploads\/2026\/03\/proyeccio_n_docu_3-12x12.webp 12w, https:\/\/claudiagrmoneo.com\/wp-content\/uploads\/2026\/03\/proyeccio_n_docu_3.webp 1066w\" sizes=\"(max-width: 800px) 100vw, 800px\" \/>\t\t\t\t\t\t\t\t\t\t\t\t\t\t\t<\/div>\n\t\t\t\t<\/div>\n\t\t\t\t<\/div>\n\t\t\t\t<\/div>\n\t\t\t\t<div class=\"elementor-element elementor-element-0e5092d elementor-widget-divider--view-line elementor-widget elementor-widget-divider\" data-id=\"0e5092d\" data-element_type=\"widget\" data-e-type=\"widget\" data-widget_type=\"divider.default\">\n\t\t\t\t\t\t\t<div class=\"elementor-divider\">\n\t\t\t<span class=\"elementor-divider-separator\">\n\t\t\t\t\t\t<\/span>\n\t\t<\/div>\n\t\t\t\t\t\t<\/div>\n\t\t<div class=\"elementor-element elementor-element-1d52aaa e-con-full e-flex e-con e-child\" data-id=\"1d52aaa\" data-element_type=\"container\" data-e-type=\"container\">\n\t\t<div class=\"elementor-element elementor-element-83e5f80 e-con-full e-flex e-con e-child\" data-id=\"83e5f80\" data-element_type=\"container\" data-e-type=\"container\">\n\t\t<div class=\"elementor-element elementor-element-7df16fd e-con-full e-flex e-con e-child\" data-id=\"7df16fd\" data-element_type=\"container\" data-e-type=\"container\">\n\t\t\t\t<div class=\"elementor-element elementor-element-043589f elementor-widget__width-initial elementor-widget elementor-widget-heading\" data-id=\"043589f\" data-element_type=\"widget\" data-e-type=\"widget\" data-widget_type=\"heading.default\">\n\t\t\t\t\t<h2 class=\"elementor-heading-title elementor-size-default\">Sone Jerez<\/h2>\t\t\t\t<\/div>\n\t\t\t\t<div class=\"elementor-element elementor-element-a3f31bc elementor-widget__width-initial elementor-hidden-desktop elementor-hidden-tablet elementor-hidden-mobile elementor-widget elementor-widget-heading\" data-id=\"a3f31bc\" data-element_type=\"widget\" data-e-type=\"widget\" data-widget_type=\"heading.default\">\n\t\t\t\t\t<h2 class=\"elementor-heading-title elementor-size-default\">Edici\u00f3n y maquetaci\u00f3n: Salvartes Design<\/h2>\t\t\t\t<\/div>\n\t\t\t\t<\/div>\n\t\t\t\t<div class=\"elementor-element elementor-element-ff4bfcc elementor-widget__width-initial elementor-widget elementor-widget-text-editor\" data-id=\"ff4bfcc\" data-element_type=\"widget\" data-e-type=\"widget\" data-widget_type=\"text-editor.default\">\n\t\t\t\t\t\t\t\t\t<p>Participaci\u00f3n en proyecto ecolocal y multidisciplinar Sone Jerez, desarrollado en el Marco de Jerez de la Frontera dentro de un contexto europeo. La iniciativa, impulsada por la artista Estelle Julian, reuni\u00f3 durante dos a\u00f1os a diferentes agentes locales e internacionales para reflexionar sobre la renaturalizaci\u00f3n de la ciudad a trav\u00e9s de la tradici\u00f3n cultural de la Zambomba.<\/p><p>Dentro del proyecto particip\u00e9 en la creaci\u00f3n de nuevos villancicos con tem\u00e1tica ecol\u00f3gica junto a Luc\u00eda Franco Corrales. La propuesta culmin\u00f3 con una Zambomba clim\u00e1tica celebrada en el barrio de San Mateo de Jerez, en la que tambi\u00e9n intervine en la direcci\u00f3n musical a Belenish Moreno-Gil y Luc\u00eda Franco<\/p>\t\t\t\t\t\t\t\t<\/div>\n\t\t\t\t<\/div>\n\t\t<div class=\"elementor-element elementor-element-a717f16 e-con-full e-flex e-con e-child\" data-id=\"a717f16\" data-element_type=\"container\" data-e-type=\"container\">\n\t\t<div class=\"elementor-element elementor-element-77b665a e-con-full e-flex e-con e-child\" data-id=\"77b665a\" data-element_type=\"container\" data-e-type=\"container\">\n\t\t\t\t<div class=\"elementor-element elementor-element-0adfd96 elementor-widget__width-initial elementor-widget elementor-widget-image\" data-id=\"0adfd96\" data-element_type=\"widget\" data-e-type=\"widget\" data-widget_type=\"image.default\">\n\t\t\t\t\t\t\t\t\t\t\t\t\t\t\t<img loading=\"lazy\" decoding=\"async\" width=\"800\" height=\"834\" src=\"https:\/\/claudiagrmoneo.com\/wp-content\/uploads\/2026\/03\/a3311ead_1c77_44d7_9c59_6c6bad979965_1-982x1024.webp\" class=\"attachment-large size-large wp-image-829\" alt=\"\" srcset=\"https:\/\/claudiagrmoneo.com\/wp-content\/uploads\/2026\/03\/a3311ead_1c77_44d7_9c59_6c6bad979965_1-982x1024.webp 982w, https:\/\/claudiagrmoneo.com\/wp-content\/uploads\/2026\/03\/a3311ead_1c77_44d7_9c59_6c6bad979965_1-288x300.webp 288w, https:\/\/claudiagrmoneo.com\/wp-content\/uploads\/2026\/03\/a3311ead_1c77_44d7_9c59_6c6bad979965_1-768x801.webp 768w, https:\/\/claudiagrmoneo.com\/wp-content\/uploads\/2026\/03\/a3311ead_1c77_44d7_9c59_6c6bad979965_1-12x12.webp 12w, https:\/\/claudiagrmoneo.com\/wp-content\/uploads\/2026\/03\/a3311ead_1c77_44d7_9c59_6c6bad979965_1.webp 1066w\" sizes=\"(max-width: 800px) 100vw, 800px\" \/>\t\t\t\t\t\t\t\t\t\t\t\t\t\t\t<\/div>\n\t\t\t\t<div class=\"elementor-element elementor-element-939b9a0 elementor-widget__width-initial elementor-widget elementor-widget-image\" data-id=\"939b9a0\" data-element_type=\"widget\" data-e-type=\"widget\" data-widget_type=\"image.default\">\n\t\t\t\t\t\t\t\t\t\t\t\t\t\t\t<img loading=\"lazy\" decoding=\"async\" width=\"800\" height=\"834\" src=\"https:\/\/claudiagrmoneo.com\/wp-content\/uploads\/2026\/03\/eac35e22_6e3c_4fbb_9431_7bdcbe97b47e_1-982x1024.webp\" class=\"attachment-large size-large wp-image-830\" alt=\"\" srcset=\"https:\/\/claudiagrmoneo.com\/wp-content\/uploads\/2026\/03\/eac35e22_6e3c_4fbb_9431_7bdcbe97b47e_1-982x1024.webp 982w, https:\/\/claudiagrmoneo.com\/wp-content\/uploads\/2026\/03\/eac35e22_6e3c_4fbb_9431_7bdcbe97b47e_1-288x300.webp 288w, https:\/\/claudiagrmoneo.com\/wp-content\/uploads\/2026\/03\/eac35e22_6e3c_4fbb_9431_7bdcbe97b47e_1-768x801.webp 768w, https:\/\/claudiagrmoneo.com\/wp-content\/uploads\/2026\/03\/eac35e22_6e3c_4fbb_9431_7bdcbe97b47e_1-12x12.webp 12w, https:\/\/claudiagrmoneo.com\/wp-content\/uploads\/2026\/03\/eac35e22_6e3c_4fbb_9431_7bdcbe97b47e_1.webp 1066w\" sizes=\"(max-width: 800px) 100vw, 800px\" \/>\t\t\t\t\t\t\t\t\t\t\t\t\t\t\t<\/div>\n\t\t\t\t<div class=\"elementor-element elementor-element-d5fba7b elementor-widget__width-initial elementor-widget elementor-widget-image\" data-id=\"d5fba7b\" data-element_type=\"widget\" data-e-type=\"widget\" data-widget_type=\"image.default\">\n\t\t\t\t\t\t\t\t\t\t\t\t\t\t\t<img loading=\"lazy\" decoding=\"async\" width=\"800\" height=\"834\" src=\"https:\/\/claudiagrmoneo.com\/wp-content\/uploads\/2026\/03\/photo_2025_12_19_20_22_21_1-982x1024.webp\" class=\"attachment-large size-large wp-image-831\" alt=\"\" srcset=\"https:\/\/claudiagrmoneo.com\/wp-content\/uploads\/2026\/03\/photo_2025_12_19_20_22_21_1-982x1024.webp 982w, https:\/\/claudiagrmoneo.com\/wp-content\/uploads\/2026\/03\/photo_2025_12_19_20_22_21_1-288x300.webp 288w, https:\/\/claudiagrmoneo.com\/wp-content\/uploads\/2026\/03\/photo_2025_12_19_20_22_21_1-768x801.webp 768w, https:\/\/claudiagrmoneo.com\/wp-content\/uploads\/2026\/03\/photo_2025_12_19_20_22_21_1-12x12.webp 12w, https:\/\/claudiagrmoneo.com\/wp-content\/uploads\/2026\/03\/photo_2025_12_19_20_22_21_1.webp 1066w\" sizes=\"(max-width: 800px) 100vw, 800px\" \/>\t\t\t\t\t\t\t\t\t\t\t\t\t\t\t<\/div>\n\t\t\t\t<\/div>\n\t\t\t\t<\/div>\n\t\t\t\t<\/div>\n\t\t\t\t\t<\/div>\n\t\t\t\t<\/div>\n\t\t<div class=\"elementor-element elementor-element-4db2b11 e-flex e-con-boxed e-con e-parent\" data-id=\"4db2b11\" data-element_type=\"container\" data-e-type=\"container\" data-settings=\"{&quot;background_background&quot;:&quot;classic&quot;}\">\n\t\t\t\t\t<div class=\"e-con-inner\">\n\t\t<div class=\"elementor-element elementor-element-747afdf e-con-full e-flex e-con e-child\" data-id=\"747afdf\" data-element_type=\"container\" data-e-type=\"container\">\n\t\t\t\t<div class=\"elementor-element elementor-element-268fa5f elementor-widget elementor-widget-image\" data-id=\"268fa5f\" data-element_type=\"widget\" data-e-type=\"widget\" data-widget_type=\"image.default\">\n\t\t\t\t\t\t\t\t\t\t\t\t\t\t\t<img loading=\"lazy\" decoding=\"async\" width=\"899\" height=\"557\" src=\"https:\/\/claudiagrmoneo.com\/wp-content\/uploads\/2025\/10\/contacto.webp\" class=\"attachment-full size-full wp-image-310\" alt=\"Claudia Gr Moneo imagen de su rostro borrosa para contacto\" srcset=\"https:\/\/claudiagrmoneo.com\/wp-content\/uploads\/2025\/10\/contacto.webp 899w, https:\/\/claudiagrmoneo.com\/wp-content\/uploads\/2025\/10\/contacto-300x186.webp 300w, https:\/\/claudiagrmoneo.com\/wp-content\/uploads\/2025\/10\/contacto-768x476.webp 768w\" sizes=\"(max-width: 899px) 100vw, 899px\" \/>\t\t\t\t\t\t\t\t\t\t\t\t\t\t\t<\/div>\n\t\t\t\t<div class=\"elementor-element elementor-element-285acce elementor-widget__width-initial elementor-invisible elementor-widget elementor-widget-heading\" data-id=\"285acce\" data-element_type=\"widget\" data-e-type=\"widget\" data-settings=\"{&quot;_animation&quot;:&quot;fadeIn&quot;}\" data-widget_type=\"heading.default\">\n\t\t\t\t\t<h1 class=\"elementor-heading-title elementor-size-default\">Escr\u00edbeme pichocho<\/h1>\t\t\t\t<\/div>\n\t\t\t\t<div class=\"elementor-element elementor-element-0a39c20 elementor-widget elementor-widget-text-editor\" data-id=\"0a39c20\" data-element_type=\"widget\" data-e-type=\"widget\" data-widget_type=\"text-editor.default\">\n\t\t\t\t\t\t\t\t\t<p>Tienes to&#8217; la cara llena preguntas<\/p>\t\t\t\t\t\t\t\t<\/div>\n\t\t\t\t<\/div>\n\t\t\t\t<div class=\"elementor-element elementor-element-7ad030a olab-contact-form elementor-widget__width-initial elementor-button-align-stretch elementor-widget elementor-widget-form\" data-id=\"7ad030a\" data-element_type=\"widget\" data-e-type=\"widget\" data-settings=\"{&quot;step_next_label&quot;:&quot;Siguiente&quot;,&quot;step_previous_label&quot;:&quot;Anterior&quot;,&quot;button_width&quot;:&quot;100&quot;,&quot;step_type&quot;:&quot;number_text&quot;,&quot;step_icon_shape&quot;:&quot;circle&quot;}\" data-widget_type=\"form.default\">\n\t\t\t\t\t\t\t<form class=\"elementor-form\" method=\"post\" name=\"Formulario desde ENTREVISTAS Y REDES\" aria-label=\"Formulario desde ENTREVISTAS Y REDES\">\n\t\t\t<input type=\"hidden\" name=\"post_id\" value=\"621\"\/>\n\t\t\t<input type=\"hidden\" name=\"form_id\" value=\"7ad030a\"\/>\n\t\t\t<input type=\"hidden\" name=\"referer_title\" value=\"Claudia GR Moneo\" \/>\n\n\t\t\t\n\t\t\t<div class=\"elementor-form-fields-wrapper elementor-labels-above\">\n\t\t\t\t\t\t\t\t<div class=\"elementor-field-type-text elementor-field-group elementor-column elementor-field-group-name elementor-col-100\">\n\t\t\t\t\t\t\t\t\t\t\t\t<label for=\"form-field-name\" class=\"elementor-field-label\">\n\t\t\t\t\t\t\t\tTu nombre\t\t\t\t\t\t\t<\/label>\n\t\t\t\t\t\t\t\t\t\t\t\t\t\t<input size=\"1\" type=\"text\" name=\"form_fields[name]\" id=\"form-field-name\" class=\"elementor-field elementor-size-sm  elementor-field-textual\" placeholder=\"Nombre\">\n\t\t\t\t\t\t\t\t\t\t\t<\/div>\n\t\t\t\t\t\t\t\t<div class=\"elementor-field-type-email elementor-field-group elementor-column elementor-field-group-email elementor-col-100 elementor-field-required elementor-mark-required\">\n\t\t\t\t\t\t\t\t\t\t\t\t<label for=\"form-field-email\" class=\"elementor-field-label\">\n\t\t\t\t\t\t\t\tTu Mail\t\t\t\t\t\t\t<\/label>\n\t\t\t\t\t\t\t\t\t\t\t\t\t\t<input size=\"1\" type=\"email\" name=\"form_fields[email]\" id=\"form-field-email\" class=\"elementor-field elementor-size-sm  elementor-field-textual\" placeholder=\"Email\" required=\"required\">\n\t\t\t\t\t\t\t\t\t\t\t<\/div>\n\t\t\t\t\t\t\t\t<div class=\"elementor-field-type-tel elementor-field-group elementor-column elementor-field-group-field_f12bae0 elementor-col-100 elementor-field-required elementor-mark-required\">\n\t\t\t\t\t\t\t\t\t\t\t\t<label for=\"form-field-field_f12bae0\" class=\"elementor-field-label\">\n\t\t\t\t\t\t\t\tTu Tel\u00e9fono\t\t\t\t\t\t\t<\/label>\n\t\t\t\t\t\t\t\t<input size=\"1\" type=\"tel\" name=\"form_fields[field_f12bae0]\" id=\"form-field-field_f12bae0\" class=\"elementor-field elementor-size-sm  elementor-field-textual\" placeholder=\"Tel\u00e9fono\" required=\"required\" pattern=\"[0-9()#&amp;+*-=.]+\" title=\"Only numbers and phone characters (#, -, *, etc) are accepted.\">\n\n\t\t\t\t\t\t<\/div>\n\t\t\t\t\t\t\t\t<div class=\"elementor-field-type-textarea elementor-field-group elementor-column elementor-field-group-field_a215a77 elementor-col-100 elementor-field-required elementor-mark-required\">\n\t\t\t\t\t\t\t\t\t\t\t\t<label for=\"form-field-field_a215a77\" class=\"elementor-field-label\">\n\t\t\t\t\t\t\t\t\u00bfC\u00f3mo te ayudo?\t\t\t\t\t\t\t<\/label>\n\t\t\t\t\t\t<textarea class=\"elementor-field-textual elementor-field  elementor-size-sm\" name=\"form_fields[field_a215a77]\" id=\"form-field-field_a215a77\" rows=\"4\" placeholder=\"Tel\u00e9fono\" required=\"required\"><\/textarea>\t\t\t\t<\/div>\n\t\t\t\t\t\t\t\t<div class=\"elementor-field-type-text\">\n\t\t\t\t\t<input size=\"1\" type=\"text\" name=\"form_fields[field_8ad274f]\" id=\"form-field-field_8ad274f\" class=\"elementor-field elementor-size-sm \" style=\"display:none !important;\">\t\t\t\t<\/div>\n\t\t\t\t\t\t\t\t<div class=\"elementor-field-type-acceptance elementor-field-group elementor-column elementor-field-group-field_6e21b72 elementor-col-100\">\n\t\t\t\t\t\t\t<div class=\"elementor-field-subgroup\">\n\t\t\t<span class=\"elementor-field-option\">\n\t\t\t\t<input type=\"checkbox\" name=\"form_fields[field_6e21b72]\" id=\"form-field-field_6e21b72\" class=\"elementor-field elementor-size-sm  elementor-acceptance-field\">\n\t\t\t\t<label for=\"form-field-field_6e21b72\">Acepto la <a style=\"font-weight: 700; text-decoration: underline;\" href=\"\/politica-privacidad\">pol\u00edtica de privacidad<\/a><\/label>\t\t\t<\/span>\n\t\t<\/div>\n\t\t\t\t\t\t<\/div>\n\t\t\t\t\t\t\t\t<div class=\"elementor-field-type-recaptcha_v3 elementor-field-group elementor-column elementor-field-group-field_b89f123 elementor-col-100 recaptcha_v3-bottomleft\">\n\t\t\t\t\t<div class=\"elementor-field\" id=\"form-field-field_b89f123\"><div class=\"elementor-g-recaptcha\" data-sitekey=\"6Lf41OErAAAAAGW-_vDbY_2pPVJGu_58Yrh88z3p\" data-type=\"v3\" data-action=\"Form\" data-badge=\"bottomleft\" data-size=\"invisible\"><\/div><\/div>\t\t\t\t<\/div>\n\t\t\t\t\t\t\t\t<div class=\"elementor-field-group elementor-column elementor-field-type-submit elementor-col-100 e-form__buttons\">\n\t\t\t\t\t<button class=\"elementor-button elementor-size-md\" type=\"submit\">\n\t\t\t\t\t\t<span class=\"elementor-button-content-wrapper\">\n\t\t\t\t\t\t\t\t\t\t\t\t\t\t\t\t\t\t\t\t\t\t<span class=\"elementor-button-text\">Enviar<\/span>\n\t\t\t\t\t\t\t\t\t\t\t\t\t<\/span>\n\t\t\t\t\t<\/button>\n\t\t\t\t<\/div>\n\t\t\t<\/div>\n\t\t<\/form>\n\t\t\t\t\t\t<\/div>\n\t\t\t\t\t<\/div>\n\t\t\t\t<\/div>\n\t\t\t\t<\/div>\n\t\t","protected":false},"excerpt":{"rendered":"<p>ENTREVISTAS Y REDACCI\u00d3N Periodista, de formaci\u00f3n acad\u00e9mica, me encanta hacer entrevistas y cr\u00f3nicas sobre temas sociales y culturales. Meterme en la persona que tengo delante y sacarle las entra\u00f1as para acercarme a ella y entender su mirada, su forma de expresi\u00f3n en el mundo. Tras m\u00e1s de 5 a\u00f1os en redacciones locales, he de decir [&hellip;]<\/p>\n","protected":false},"author":3,"featured_media":220,"parent":21,"menu_order":0,"comment_status":"closed","ping_status":"closed","template":"","meta":{"footnotes":""},"class_list":["post-621","page","type-page","status-publish","has-post-thumbnail","hentry"],"yoast_head":"<!-- This site is optimized with the Yoast SEO plugin v27.4 - https:\/\/yoast.com\/product\/yoast-seo-wordpress\/ -->\n<title>Entrevistas y Redacci\u00f3n period\u00edstica | Claudia GR Moneo<\/title>\n<meta name=\"description\" content=\"Entrevistas que van a las entra\u00f1as y textos cuidados sobre temas sociales y culturales. Redacci\u00f3n profesional para medios y proyectos.\" \/>\n<meta name=\"robots\" content=\"index, follow, max-snippet:-1, max-image-preview:large, max-video-preview:-1\" \/>\n<link rel=\"canonical\" href=\"https:\/\/claudiagrmoneo.com\/en\/servicios\/entrevistas-y-redaccion-2\/\" \/>\n<meta property=\"og:locale\" content=\"en_GB\" \/>\n<meta property=\"og:type\" content=\"article\" \/>\n<meta property=\"og:title\" content=\"Entrevistas y Redacci\u00f3n period\u00edstica | Claudia GR Moneo\" \/>\n<meta property=\"og:description\" content=\"Entrevistas que van a las entra\u00f1as y textos cuidados sobre temas sociales y culturales. Redacci\u00f3n profesional para medios y proyectos.\" \/>\n<meta property=\"og:url\" content=\"https:\/\/claudiagrmoneo.com\/en\/servicios\/entrevistas-y-redaccion-2\/\" \/>\n<meta property=\"og:site_name\" content=\"Claudia GR Moneo\" \/>\n<meta property=\"article:modified_time\" content=\"2026-03-16T11:51:26+00:00\" \/>\n<meta property=\"og:image\" content=\"https:\/\/claudiagrmoneo.com\/wp-content\/uploads\/2025\/10\/entrevistas-y-redaccion-scaled.webp\" \/>\n\t<meta property=\"og:image:width\" content=\"2560\" \/>\n\t<meta property=\"og:image:height\" content=\"1338\" \/>\n\t<meta property=\"og:image:type\" content=\"image\/webp\" \/>\n<meta name=\"twitter:card\" content=\"summary_large_image\" \/>\n<meta name=\"twitter:label1\" content=\"Estimated reading time\" \/>\n\t<meta name=\"twitter:data1\" content=\"2 minutes\" \/>\n<script type=\"application\/ld+json\" class=\"yoast-schema-graph\">{\"@context\":\"https:\\\/\\\/schema.org\",\"@graph\":[{\"@type\":\"WebPage\",\"@id\":\"https:\\\/\\\/claudiagrmoneo.com\\\/servicios\\\/entrevistas-y-redaccion-2\\\/\",\"url\":\"https:\\\/\\\/claudiagrmoneo.com\\\/servicios\\\/entrevistas-y-redaccion-2\\\/\",\"name\":\"Entrevistas y Redacci\u00f3n period\u00edstica | Claudia GR Moneo\",\"isPartOf\":{\"@id\":\"https:\\\/\\\/claudiagrmoneo.com\\\/#website\"},\"primaryImageOfPage\":{\"@id\":\"https:\\\/\\\/claudiagrmoneo.com\\\/servicios\\\/entrevistas-y-redaccion-2\\\/#primaryimage\"},\"image\":{\"@id\":\"https:\\\/\\\/claudiagrmoneo.com\\\/servicios\\\/entrevistas-y-redaccion-2\\\/#primaryimage\"},\"thumbnailUrl\":\"https:\\\/\\\/claudiagrmoneo.com\\\/wp-content\\\/uploads\\\/2025\\\/10\\\/entrevistas-y-redaccion-scaled.webp\",\"datePublished\":\"2025-12-11T09:09:31+00:00\",\"dateModified\":\"2026-03-16T11:51:26+00:00\",\"description\":\"Entrevistas que van a las entra\u00f1as y textos cuidados sobre temas sociales y culturales. Redacci\u00f3n profesional para medios y proyectos.\",\"breadcrumb\":{\"@id\":\"https:\\\/\\\/claudiagrmoneo.com\\\/servicios\\\/entrevistas-y-redaccion-2\\\/#breadcrumb\"},\"inLanguage\":\"en-GB\",\"potentialAction\":[{\"@type\":\"ReadAction\",\"target\":[\"https:\\\/\\\/claudiagrmoneo.com\\\/servicios\\\/entrevistas-y-redaccion-2\\\/\"]}]},{\"@type\":\"ImageObject\",\"inLanguage\":\"en-GB\",\"@id\":\"https:\\\/\\\/claudiagrmoneo.com\\\/servicios\\\/entrevistas-y-redaccion-2\\\/#primaryimage\",\"url\":\"https:\\\/\\\/claudiagrmoneo.com\\\/wp-content\\\/uploads\\\/2025\\\/10\\\/entrevistas-y-redaccion-scaled.webp\",\"contentUrl\":\"https:\\\/\\\/claudiagrmoneo.com\\\/wp-content\\\/uploads\\\/2025\\\/10\\\/entrevistas-y-redaccion-scaled.webp\",\"width\":2560,\"height\":1338,\"caption\":\"entrevistas y redacci\u00f3n de claudia gr moneo .Periodista sobre temas sociales y culturales\"},{\"@type\":\"BreadcrumbList\",\"@id\":\"https:\\\/\\\/claudiagrmoneo.com\\\/servicios\\\/entrevistas-y-redaccion-2\\\/#breadcrumb\",\"itemListElement\":[{\"@type\":\"ListItem\",\"position\":1,\"name\":\"Portada\",\"item\":\"https:\\\/\\\/claudiagrmoneo.com\\\/\"},{\"@type\":\"ListItem\",\"position\":2,\"name\":\"Qu\u00e9 hago\",\"item\":\"https:\\\/\\\/claudiagrmoneo.com\\\/servicios\\\/\"},{\"@type\":\"ListItem\",\"position\":3,\"name\":\"Entrevistas y redacci\u00f3n\"}]},{\"@type\":\"WebSite\",\"@id\":\"https:\\\/\\\/claudiagrmoneo.com\\\/#website\",\"url\":\"https:\\\/\\\/claudiagrmoneo.com\\\/\",\"name\":\"Claudia GR Moneo\",\"description\":\"Periodista, ilustradora y comunicadora\",\"publisher\":{\"@id\":\"https:\\\/\\\/claudiagrmoneo.com\\\/#organization\"},\"alternateName\":\"Claudia GR Moneo \u00b7 Periodista, ilustradora y creativa\",\"potentialAction\":[{\"@type\":\"SearchAction\",\"target\":{\"@type\":\"EntryPoint\",\"urlTemplate\":\"https:\\\/\\\/claudiagrmoneo.com\\\/?s={search_term_string}\"},\"query-input\":{\"@type\":\"PropertyValueSpecification\",\"valueRequired\":true,\"valueName\":\"search_term_string\"}}],\"inLanguage\":\"en-GB\"},{\"@type\":\"Organization\",\"@id\":\"https:\\\/\\\/claudiagrmoneo.com\\\/#organization\",\"name\":\"Claudia GR Moneo. Periodista, comunicadora e ilustradora\",\"alternateName\":\"Claudia GR Moneo. Periodista, comunicadora e ilustradora\",\"url\":\"https:\\\/\\\/claudiagrmoneo.com\\\/\",\"logo\":{\"@type\":\"ImageObject\",\"inLanguage\":\"en-GB\",\"@id\":\"https:\\\/\\\/claudiagrmoneo.com\\\/#\\\/schema\\\/logo\\\/image\\\/\",\"url\":\"https:\\\/\\\/claudiagrmoneo.com\\\/wp-content\\\/uploads\\\/2025\\\/10\\\/claudia-gr-moneo.webp\",\"contentUrl\":\"https:\\\/\\\/claudiagrmoneo.com\\\/wp-content\\\/uploads\\\/2025\\\/10\\\/claudia-gr-moneo.webp\",\"width\":562,\"height\":708,\"caption\":\"Claudia GR Moneo. Periodista, comunicadora e ilustradora\"},\"image\":{\"@id\":\"https:\\\/\\\/claudiagrmoneo.com\\\/#\\\/schema\\\/logo\\\/image\\\/\"},\"sameAs\":[\"https:\\\/\\\/www.instagram.com\\\/claudia_grmoneo\\\/\",\"https:\\\/\\\/www.youtube.com\\\/watch?v=ZtffCBeELPI\",\"https:\\\/\\\/open.spotify.com\\\/show\\\/05OHwqYqSyWTC7UL7LYRk9?si=0f00f4479c084aea&nd=1&dlsi=a3fd05dea83746d1\"]}]}<\/script>\n<!-- \/ Yoast SEO plugin. -->","yoast_head_json":{"title":"Entrevistas y Redacci\u00f3n period\u00edstica | Claudia GR Moneo","description":"Entrevistas que van a las entra\u00f1as y textos cuidados sobre temas sociales y culturales. Redacci\u00f3n profesional para medios y proyectos.","robots":{"index":"index","follow":"follow","max-snippet":"max-snippet:-1","max-image-preview":"max-image-preview:large","max-video-preview":"max-video-preview:-1"},"canonical":"https:\/\/claudiagrmoneo.com\/en\/servicios\/entrevistas-y-redaccion-2\/","og_locale":"en_GB","og_type":"article","og_title":"Entrevistas y Redacci\u00f3n period\u00edstica | Claudia GR Moneo","og_description":"Entrevistas que van a las entra\u00f1as y textos cuidados sobre temas sociales y culturales. Redacci\u00f3n profesional para medios y proyectos.","og_url":"https:\/\/claudiagrmoneo.com\/en\/servicios\/entrevistas-y-redaccion-2\/","og_site_name":"Claudia GR Moneo","article_modified_time":"2026-03-16T11:51:26+00:00","og_image":[{"width":2560,"height":1338,"url":"https:\/\/claudiagrmoneo.com\/wp-content\/uploads\/2025\/10\/entrevistas-y-redaccion-scaled.webp","type":"image\/webp"}],"twitter_card":"summary_large_image","twitter_misc":{"Estimated reading time":"2 minutes"},"schema":{"@context":"https:\/\/schema.org","@graph":[{"@type":"WebPage","@id":"https:\/\/claudiagrmoneo.com\/servicios\/entrevistas-y-redaccion-2\/","url":"https:\/\/claudiagrmoneo.com\/servicios\/entrevistas-y-redaccion-2\/","name":"Entrevistas y Redacci\u00f3n period\u00edstica | Claudia GR Moneo","isPartOf":{"@id":"https:\/\/claudiagrmoneo.com\/#website"},"primaryImageOfPage":{"@id":"https:\/\/claudiagrmoneo.com\/servicios\/entrevistas-y-redaccion-2\/#primaryimage"},"image":{"@id":"https:\/\/claudiagrmoneo.com\/servicios\/entrevistas-y-redaccion-2\/#primaryimage"},"thumbnailUrl":"https:\/\/claudiagrmoneo.com\/wp-content\/uploads\/2025\/10\/entrevistas-y-redaccion-scaled.webp","datePublished":"2025-12-11T09:09:31+00:00","dateModified":"2026-03-16T11:51:26+00:00","description":"Entrevistas que van a las entra\u00f1as y textos cuidados sobre temas sociales y culturales. Redacci\u00f3n profesional para medios y proyectos.","breadcrumb":{"@id":"https:\/\/claudiagrmoneo.com\/servicios\/entrevistas-y-redaccion-2\/#breadcrumb"},"inLanguage":"en-GB","potentialAction":[{"@type":"ReadAction","target":["https:\/\/claudiagrmoneo.com\/servicios\/entrevistas-y-redaccion-2\/"]}]},{"@type":"ImageObject","inLanguage":"en-GB","@id":"https:\/\/claudiagrmoneo.com\/servicios\/entrevistas-y-redaccion-2\/#primaryimage","url":"https:\/\/claudiagrmoneo.com\/wp-content\/uploads\/2025\/10\/entrevistas-y-redaccion-scaled.webp","contentUrl":"https:\/\/claudiagrmoneo.com\/wp-content\/uploads\/2025\/10\/entrevistas-y-redaccion-scaled.webp","width":2560,"height":1338,"caption":"entrevistas y redacci\u00f3n de claudia gr moneo .Periodista sobre temas sociales y culturales"},{"@type":"BreadcrumbList","@id":"https:\/\/claudiagrmoneo.com\/servicios\/entrevistas-y-redaccion-2\/#breadcrumb","itemListElement":[{"@type":"ListItem","position":1,"name":"Portada","item":"https:\/\/claudiagrmoneo.com\/"},{"@type":"ListItem","position":2,"name":"Qu\u00e9 hago","item":"https:\/\/claudiagrmoneo.com\/servicios\/"},{"@type":"ListItem","position":3,"name":"Entrevistas y redacci\u00f3n"}]},{"@type":"WebSite","@id":"https:\/\/claudiagrmoneo.com\/#website","url":"https:\/\/claudiagrmoneo.com\/","name":"Claudia GR Moneo","description":"Journalist, illustrator and communicator","publisher":{"@id":"https:\/\/claudiagrmoneo.com\/#organization"},"alternateName":"Claudia GR Moneo \u00b7 Periodista, ilustradora y creativa","potentialAction":[{"@type":"SearchAction","target":{"@type":"EntryPoint","urlTemplate":"https:\/\/claudiagrmoneo.com\/?s={search_term_string}"},"query-input":{"@type":"PropertyValueSpecification","valueRequired":true,"valueName":"search_term_string"}}],"inLanguage":"en-GB"},{"@type":"Organization","@id":"https:\/\/claudiagrmoneo.com\/#organization","name":"Claudia GR Moneo. Journalist, communicator and illustrator","alternateName":"Claudia GR Moneo. Periodista, comunicadora e ilustradora","url":"https:\/\/claudiagrmoneo.com\/","logo":{"@type":"ImageObject","inLanguage":"en-GB","@id":"https:\/\/claudiagrmoneo.com\/#\/schema\/logo\/image\/","url":"https:\/\/claudiagrmoneo.com\/wp-content\/uploads\/2025\/10\/claudia-gr-moneo.webp","contentUrl":"https:\/\/claudiagrmoneo.com\/wp-content\/uploads\/2025\/10\/claudia-gr-moneo.webp","width":562,"height":708,"caption":"Claudia GR Moneo. Periodista, comunicadora e ilustradora"},"image":{"@id":"https:\/\/claudiagrmoneo.com\/#\/schema\/logo\/image\/"},"sameAs":["https:\/\/www.instagram.com\/claudia_grmoneo\/","https:\/\/www.youtube.com\/watch?v=ZtffCBeELPI","https:\/\/open.spotify.com\/show\/05OHwqYqSyWTC7UL7LYRk9?si=0f00f4479c084aea&nd=1&dlsi=a3fd05dea83746d1"]}]}},"_links":{"self":[{"href":"https:\/\/claudiagrmoneo.com\/en\/wp-json\/wp\/v2\/pages\/621","targetHints":{"allow":["GET"]}}],"collection":[{"href":"https:\/\/claudiagrmoneo.com\/en\/wp-json\/wp\/v2\/pages"}],"about":[{"href":"https:\/\/claudiagrmoneo.com\/en\/wp-json\/wp\/v2\/types\/page"}],"author":[{"embeddable":true,"href":"https:\/\/claudiagrmoneo.com\/en\/wp-json\/wp\/v2\/users\/3"}],"replies":[{"embeddable":true,"href":"https:\/\/claudiagrmoneo.com\/en\/wp-json\/wp\/v2\/comments?post=621"}],"version-history":[{"count":0,"href":"https:\/\/claudiagrmoneo.com\/en\/wp-json\/wp\/v2\/pages\/621\/revisions"}],"up":[{"embeddable":true,"href":"https:\/\/claudiagrmoneo.com\/en\/wp-json\/wp\/v2\/pages\/21"}],"wp:featuredmedia":[{"embeddable":true,"href":"https:\/\/claudiagrmoneo.com\/en\/wp-json\/wp\/v2\/media\/220"}],"wp:attachment":[{"href":"https:\/\/claudiagrmoneo.com\/en\/wp-json\/wp\/v2\/media?parent=621"}],"curies":[{"name":"wp","href":"https:\/\/api.w.org\/{rel}","templated":true}]}}